{"id":4558,"date":"2025-03-02T21:26:11","date_gmt":"2025-03-02T20:26:11","guid":{"rendered":"http:\/\/echappeesalpines.com\/?page_id=4558"},"modified":"2025-07-07T18:40:23","modified_gmt":"2025-07-07T16:40:23","slug":"home-2","status":"publish","type":"page","link":"https:\/\/echappeesalpines.com\/index.php\/home-2\/","title":{"rendered":"Home"},"content":{"rendered":"\t\t<div data-elementor-type=\"wp-page\" data-elementor-id=\"4558\" class=\"elementor elementor-4558\">\n\t\t\t\t\t\t\t\t\t<section class=\"elementor-section elementor-top-section elementor-element elementor-element-0f24250 elementor-section-full_width elementor-section-height-default elementor-section-height-default parallax_section_no qode_elementor_container_no\" data-id=\"0f24250\" data-element_type=\"section\">\n\t\t\t\t\t\t<div class=\"elementor-container elementor-column-gap-default\">\n\t\t\t\t\t<div class=\"elementor-column elementor-col-100 elementor-top-column elementor-element elementor-element-c9320c3\" data-id=\"c9320c3\" data-element_type=\"column\">\n\t\t\t<div class=\"elementor-widget-wrap elementor-element-populated\">\n\t\t\t\t\t\t\t\t<div class=\"elementor-element elementor-element-5434732 elementor-widget elementor-widget-slider_revolution\" data-id=\"5434732\" data-element_type=\"widget\" data-widget_type=\"slider_revolution.default\">\n\t\t\t\t<div class=\"elementor-widget-container\">\n\t\t\t\n\t\t<div class=\"wp-block-themepunch-revslider\">\n\t\t\t<!-- START HomeSlider REVOLUTION SLIDER 6.6.20 --><p class=\"rs-p-wp-fix\"><\/p>\n\t\t\t<rs-module-wrap id=\"rev_slider_4_1_wrapper\" data-source=\"gallery\" style=\"visibility:hidden;background:#dae3ea;padding:0;\">\n\t\t\t\t<rs-module id=\"rev_slider_4_1\" style=\"\" data-version=\"6.6.20\">\n\t\t\t\t\t<rs-slides style=\"overflow: hidden; position: absolute;\">\n\t\t\t\t\t\t<rs-slide style=\"position: absolute;\" data-key=\"rs-4\" data-title=\"Slide\" data-in=\"o:0;\" data-out=\"a:false;\">\n\t\t\t\t\t\t\t<img loading=\"lazy\" decoding=\"async\" src=\"\/\/echappeesalpines.com\/wp-content\/plugins\/revslider\/public\/assets\/assets\/dummy.png\" alt=\"\" title=\"montagne_A\" width=\"1920\" height=\"1022\" class=\"rev-slidebg tp-rs-img rs-lazyload\" data-lazyload=\"\/\/echappeesalpines.com\/wp-content\/uploads\/2023\/12\/1-montagne_A.png\" data-parallax=\"off\" data-no-retina>\n<!--\n\t\t\t\t\t\t\t--><rs-layer\n\t\t\t\t\t\t\t\tid=\"slider-4-slide-4-layer-0\" \n\t\t\t\t\t\t\t\tdata-type=\"text\"\n\t\t\t\t\t\t\t\tdata-xy=\"x:c;xo:-1px,-1px,-1px,0;y:m;yo:37px,37px,37px,-26px;\"\n\t\t\t\t\t\t\t\tdata-text=\"w:normal;s:60,60,45,35;l:95,95,45,35;fw:800;a:center;\"\n\t\t\t\t\t\t\t\tdata-dim=\"w:1301px,1301px,1301px,363px;\"\n\t\t\t\t\t\t\t\tdata-rsp_o=\"off\"\n\t\t\t\t\t\t\t\tdata-rsp_bd=\"off\"\n\t\t\t\t\t\t\t\tdata-frame_0=\"y:50px;\"\n\t\t\t\t\t\t\t\tdata-frame_1=\"e:power1.out;st:500;sp:500;sR:500;\"\n\t\t\t\t\t\t\t\tdata-frame_999=\"o:0;st:w;sR:8000;\"\n\t\t\t\t\t\t\t\tstyle=\"z-index:7;font-family:'Jost';\"\n\t\t\t\t\t\t\t>Explorer, partager, se ressourcer \n\t\t\t\t\t\t\t<\/rs-layer><!--\n\n\t\t\t\t\t\t\t--><rs-layer\n\t\t\t\t\t\t\t\tid=\"slider-4-slide-4-layer-1\" \n\t\t\t\t\t\t\t\tdata-type=\"text\"\n\t\t\t\t\t\t\t\tdata-xy=\"x:c;y:m;yo:94px,94px,94px,28px;\"\n\t\t\t\t\t\t\t\tdata-text=\"w:normal;s:28,28,25,18;l:27;a:center;\"\n\t\t\t\t\t\t\t\tdata-dim=\"w:auto,auto,auto,344px;\"\n\t\t\t\t\t\t\t\tdata-rsp_o=\"off\"\n\t\t\t\t\t\t\t\tdata-rsp_bd=\"off\"\n\t\t\t\t\t\t\t\tdata-frame_0=\"y:50px;\"\n\t\t\t\t\t\t\t\tdata-frame_1=\"e:power1.out;st:300;sp:500;sR:300;\"\n\t\t\t\t\t\t\t\tdata-frame_999=\"o:0;st:w;sR:8200;\"\n\t\t\t\t\t\t\t\tstyle=\"z-index:6;font-family:'Jost';\"\n\t\t\t\t\t\t\t>Vous accompagner en moyenne montagne \n\t\t\t\t\t\t\t<\/rs-layer><!--\n\n\t\t\t\t\t\t\t--><rs-layer\n\t\t\t\t\t\t\t\tid=\"slider-4-slide-4-layer-2\" \n\t\t\t\t\t\t\t\tdata-type=\"text\"\n\t\t\t\t\t\t\t\tdata-color=\"#d98025||#d98025||#d98025||#dc8025\"\n\t\t\t\t\t\t\t\tdata-xy=\"x:c;xo:484px,484px,359px,116px;y:m;yo:40px,40px,39px,-8px;\"\n\t\t\t\t\t\t\t\tdata-text=\"w:normal;s:60,60,45,35;l:95,95,95,55;fw:800;a:center;\"\n\t\t\t\t\t\t\t\tdata-dim=\"w:43px,43px,43px,363px;h:96px,96px,96px,auto;\"\n\t\t\t\t\t\t\t\tdata-rsp_o=\"off\"\n\t\t\t\t\t\t\t\tdata-rsp_bd=\"off\"\n\t\t\t\t\t\t\t\tdata-frame_0=\"y:50px;\"\n\t\t\t\t\t\t\t\tdata-frame_1=\"e:power1.out;st:500;sp:500;sR:500;\"\n\t\t\t\t\t\t\t\tdata-frame_999=\"o:0;st:w;sR:8000;\"\n\t\t\t\t\t\t\t\tstyle=\"z-index:7;font-family:'Jost';\"\n\t\t\t\t\t\t\t>. \n\t\t\t\t\t\t\t<\/rs-layer><!--\n-->\t\t\t\t\t\t<\/rs-slide>\n\t\t\t\t\t<\/rs-slides>\n\t\t\t\t<\/rs-module>\n\t\t\t\t<script>\n\t\t\t\t\tsetREVStartSize({c: 'rev_slider_4_1',rl:[1240,1024,778,480],el:[868,768,960,720],gw:[1300,1100,850,376],gh:[868,768,960,720],type:'hero',justify:'',layout:'fullscreen',offsetContainer:'',offset:'',mh:\"0\"});if (window.RS_MODULES!==undefined && window.RS_MODULES.modules!==undefined && window.RS_MODULES.modules[\"revslider41\"]!==undefined) {window.RS_MODULES.modules[\"revslider41\"].once = false;window.revapi4 = undefined;if (window.RS_MODULES.checkMinimal!==undefined) window.RS_MODULES.checkMinimal()}\n\t\t\t\t<\/script>\n\t\t\t<\/rs-module-wrap>\n\t\t\t<!-- END REVOLUTION SLIDER -->\n<\/div>\n\n\t\t\t\t<\/div>\n\t\t\t\t<\/div>\n\t\t\t\t\t<\/div>\n\t\t<\/div>\n\t\t\t\t\t\t\t<\/div>\n\t\t<\/section>\n\t\t<div class=\"elementor-element elementor-element-3ffd329 e-con-full e-flex parallax_section_no qode_elementor_container_no e-con e-parent\" data-id=\"3ffd329\" data-element_type=\"container\" data-settings=\"{&quot;content_width&quot;:&quot;full&quot;,&quot;background_background&quot;:&quot;classic&quot;}\" data-core-v316-plus=\"true\">\n\t\t\t\t<div class=\"elementor-element elementor-element-513a57c elementor-widget elementor-widget-text-editor\" data-id=\"513a57c\" data-element_type=\"widget\" data-widget_type=\"text-editor.default\">\n\t\t\t\t<div class=\"elementor-widget-container\">\n\t\t\t<style>\/*! elementor - v3.18.0 - 20-12-2023 *\/\n.elementor-widget-text-editor.elementor-drop-cap-view-stacked .elementor-drop-cap{background-color:#69727d;color:#fff}.elementor-widget-text-editor.elementor-drop-cap-view-framed .elementor-drop-cap{color:#69727d;border:3px solid;background-color:transparent}.elementor-widget-text-editor:not(.elementor-drop-cap-view-default) .elementor-drop-cap{margin-top:8px}.elementor-widget-text-editor:not(.elementor-drop-cap-view-default) .elementor-drop-cap-letter{width:1em;height:1em}.elementor-widget-text-editor .elementor-drop-cap{float:left;text-align:center;line-height:1;font-size:50px}.elementor-widget-text-editor .elementor-drop-cap-letter{display:inline-block}<\/style>\t\t\t\t<p><strong><span style=\"color: #ffffff; font-size: 20px;\">Message d&rsquo;absence<\/span><\/strong><br \/><br \/><span style=\"font-weight: 400; color: #ffffff;\">Merci pour votre visite et l&rsquo;int\u00e9r\u00eat que vous portez \u00e0 mon site et mes prestations d\u2019accompagnateur en montagne. Sachez que je suis actuellement et pour quelques mois, dans des contr\u00e9es montagnardes tr\u00e8s lointaines pour raisons personnelles. Mon activit\u00e9 professionnelle et mon site reste bien \u00e9videment d\u2019actualit\u00e9. <strong>Je reste joignable par email mais mon acc\u00e8s y sera limit\u00e9. Je t\u00e2cherai de vous r\u00e9pondre dans les meilleurs d\u00e9lais. Je reprendrai pleinement mon activit\u00e9 d\u2019encadrement en montagne \u00e0 la fin du mois d\u2019Avril 2025. <\/strong>Au plaisir de se rencontrer ou de vous retrouver pour de nouvelles \u00e9chapp\u00e9es alpines\u00a0!<\/span><\/p>\t\t\t\t\t\t<\/div>\n\t\t\t\t<\/div>\n\t\t\t\t<\/div>\n\t\t\t\t<section class=\"elementor-section elementor-top-section elementor-element elementor-element-158d26f elementor-section-full_width qode_elementor_container_inner elementor-section-height-default elementor-section-height-default parallax_section_no\" data-id=\"158d26f\" data-element_type=\"section\">\n\t\t\t\t\t\t<div class=\"elementor-container elementor-column-gap-default\">\n\t\t\t\t\t<div class=\"elementor-column elementor-col-50 elementor-top-column elementor-element elementor-element-7a90297\" data-id=\"7a90297\" data-element_type=\"column\">\n\t\t\t<div class=\"elementor-widget-wrap elementor-element-populated\">\n\t\t\t\t\t\t\t\t<div class=\"elementor-element elementor-element-6c78280 elementor-widget elementor-widget-image\" data-id=\"6c78280\" data-element_type=\"widget\" data-widget_type=\"image.default\">\n\t\t\t\t<div class=\"elementor-widget-container\">\n\t\t\t<style>\/*! elementor - v3.18.0 - 20-12-2023 *\/\n.elementor-widget-image{text-align:center}.elementor-widget-image a{display:inline-block}.elementor-widget-image a img[src$=\".svg\"]{width:48px}.elementor-widget-image img{vertical-align:middle;display:inline-block}<\/style>\t\t\t\t\t\t\t\t\t\t\t\t<img loading=\"lazy\" decoding=\"async\" width=\"471\" height=\"632\" src=\"https:\/\/echappeesalpines.com\/wp-content\/uploads\/2024\/01\/portrait_B.png\" class=\"attachment-large size-large wp-image-3215\" alt=\"\" srcset=\"https:\/\/echappeesalpines.com\/wp-content\/uploads\/2024\/01\/portrait_B-224x300.png 224w, https:\/\/echappeesalpines.com\/wp-content\/uploads\/2024\/01\/portrait_B.png 471w\" sizes=\"(max-width: 471px) 100vw, 471px\" \/>\t\t\t\t\t\t\t\t\t\t\t\t\t\t\t<\/div>\n\t\t\t\t<\/div>\n\t\t\t\t\t<\/div>\n\t\t<\/div>\n\t\t\t\t<div class=\"elementor-column elementor-col-50 elementor-top-column elementor-element elementor-element-c39a8f5\" data-id=\"c39a8f5\" data-element_type=\"column\">\n\t\t\t<div class=\"elementor-widget-wrap elementor-element-populated\">\n\t\t\t\t\t\t\t\t<div class=\"elementor-element elementor-element-68def3e elementor-widget elementor-widget-heading\" data-id=\"68def3e\" data-element_type=\"widget\" data-widget_type=\"heading.default\">\n\t\t\t\t<div class=\"elementor-widget-container\">\n\t\t\t<style>\/*! elementor - v3.18.0 - 20-12-2023 *\/\n.elementor-heading-title{padding:0;margin:0;line-height:1}.elementor-widget-heading .elementor-heading-title[class*=elementor-size-]>a{color:inherit;font-size:inherit;line-height:inherit}.elementor-widget-heading .elementor-heading-title.elementor-size-small{font-size:15px}.elementor-widget-heading .elementor-heading-title.elementor-size-medium{font-size:19px}.elementor-widget-heading .elementor-heading-title.elementor-size-large{font-size:29px}.elementor-widget-heading .elementor-heading-title.elementor-size-xl{font-size:39px}.elementor-widget-heading .elementor-heading-title.elementor-size-xxl{font-size:59px}<\/style><h1 class=\"elementor-heading-title elementor-size-default\">Suivez le guide<\/h1>\t\t<\/div>\n\t\t\t\t<\/div>\n\t\t\t\t<div class=\"elementor-element elementor-element-ad1a299 elementor-widget elementor-widget-heading\" data-id=\"ad1a299\" data-element_type=\"widget\" data-widget_type=\"heading.default\">\n\t\t\t\t<div class=\"elementor-widget-container\">\n\t\t\t<h2 class=\"elementor-heading-title elementor-size-default\">Antoine Michaudet, AeM, \u00e9chapp\u00e9 par nature<\/h2>\t\t<\/div>\n\t\t\t\t<\/div>\n\t\t\t\t<div class=\"elementor-element elementor-element-909ef87 elementor-widget elementor-widget-text-editor\" data-id=\"909ef87\" data-element_type=\"widget\" data-widget_type=\"text-editor.default\">\n\t\t\t\t<div class=\"elementor-widget-container\">\n\t\t\t\t\t\t\t<p><span style=\"font-weight: 400;\">Je m\u2019appelle Antoine, j\u2019ai 33 ans, bourguignon pur souche, je suis tomb\u00e9 dans la marmite haut-savoyarde il y a bient\u00f4t 10 ans avec la nature en point de d\u00e9part. J\u2019ai vite troqu\u00e9 les sentiers de l\u2019ing\u00e9nierie pour la montagne \u00e0 temps plein. Depuis Avril 2022 et mon certificat <\/span><b>d\u2019\u00e9ducateur sportif<\/b><span style=\"font-weight: 400;\"> en poche, je propose mes services<\/span><b> d&rsquo;accompagnateur en montagne <\/b><span style=\"font-weight: 400;\">pour encadrer vos <\/span><b>vir\u00e9es randonn\u00e9e, trail et raquette pour particuliers et professionnels<\/b><span style=\"font-weight: 400;\">. Mais kesako ? <\/span><b>Planifier, observer, accompagner, explorer, je m\u2019adapte en fonction de votre niveau et de vos objectifs pour s\u00e9curiser et encadrer vos sorties montagne sur l\u2019arc alpin : Savoie \/ Haute-Savoie mais aussi Alpes du Sud<\/b><span style=\"font-weight: 400;\">. Le trait d\u2019union de mes \u00e9chapp\u00e9es : le droit \u00e0 la d\u00e9connexion et le sens des connexions humaines, l\u2019initiation \u00e0 la biodiversit\u00e9 et son respect. J\u2019aime \u00e0 croire que l\u2019homme rencontre ses \u00e9motions et prend conscience de son corps en cultivant des curiosit\u00e9s en montagne. En soif d\u2019aventures ou en qu\u00eate de nouveaux d\u00e9fis, explorateur chevronn\u00e9 ou non initi\u00e9, \u00e0 chacun son format, \u00e0 chacun sa trace.<\/span><\/p>\t\t\t\t\t\t<\/div>\n\t\t\t\t<\/div>\n\t\t\t\t\t<\/div>\n\t\t<\/div>\n\t\t\t\t\t\t\t<\/div>\n\t\t<\/section>\n\t\t<div class=\"elementor-element elementor-element-5cfc478 e-flex e-con-boxed parallax_section_no qode_elementor_container_no e-con e-parent\" data-id=\"5cfc478\" data-element_type=\"container\" data-settings=\"{&quot;background_background&quot;:&quot;classic&quot;,&quot;content_width&quot;:&quot;boxed&quot;}\" data-core-v316-plus=\"true\">\n\t\t\t\t\t<div class=\"e-con-inner\">\n\t\t\t\t<div class=\"elementor-element elementor-element-1f3f5d8 elementor-widget elementor-widget-heading\" data-id=\"1f3f5d8\" data-element_type=\"widget\" data-widget_type=\"heading.default\">\n\t\t\t\t<div class=\"elementor-widget-container\">\n\t\t\t<h2 class=\"elementor-heading-title elementor-size-default\">\u00c0 chacun son \u00e9chapp\u00e9e<\/h2>\t\t<\/div>\n\t\t\t\t<\/div>\n\t\t\t\t<div class=\"elementor-element elementor-element-d0ee5c5 elementor-widget elementor-widget-text-editor\" data-id=\"d0ee5c5\" data-element_type=\"widget\" data-widget_type=\"text-editor.default\">\n\t\t\t\t<div class=\"elementor-widget-container\">\n\t\t\t\t\t\t\t<span style=\"font-weight: 400;\">Excursions p\u00e9destres \u00e0 la journ\u00e9e, \u00e9vasion sur plusieurs jours, en autonomie ou en voyage organis\u00e9, accompagnement sur des sorties scolaires, excursions \u00e0 th\u00e8me\u2026 Je suis \u00e0 votre disposition pour adapter le format et la th\u00e9matique de chaque \u00e9chapp\u00e9e. Mon r\u00f4le d&rsquo;accompagnateur moyenne montagne sera d\u2019abord celui d\u2019aiguilleur, au rythme de vos envies et en adaptation au niveau du groupe (de d\u00e9butant \u00e0 confirm\u00e9). Durant mes excursions j\u2019aurais \u00e0 c\u0153ur de partager avec vous mes connaissances du milieu montagnard : faune, habitat, histoire, g\u00e9ologie et flore (ex : d\u00e9couverte des plantes comestibles). La sensibilisation \u00e0 la biodiversit\u00e9 est profond\u00e9ment ancr\u00e9e dans mes valeurs et se retrouve au c\u0153ur de mes sorties. Alors que vous soyez un comit\u00e9 d\u2019entreprise en qu\u00eate de coh\u00e9sion d\u2019\u00e9quipe, \u00e0 l\u2019occasion d\u2019un teambulding ou d\u2019un s\u00e9minaire en nature ; professeur ou directeur d\u2019\u00e9cole en charge de projets p\u00e9dagogiques ; une association ou un particulier en qu\u00eate d\u2019aventure : je m\u2019adapte \u00e0 travers 8 grandes th\u00e9matiques.\u00a0<\/span>\n\n<a href=\"http:\/\/echappeesalpines.com\/index.php\/portfolio_page\/randonnee\/\" target=\"_blank\" rel=\"noopener\"><strong style=\"color: #da8025\">D\u00e9couvrir toutes les \u00e9chapp\u00e9es<\/strong><\/a>\t\t\t\t\t\t<\/div>\n\t\t\t\t<\/div>\n\t\t\t\t<div class=\"elementor-element elementor-element-579dcd3 elementor-widget elementor-widget-bridge_portfolio_slider\" data-id=\"579dcd3\" data-element_type=\"widget\" data-widget_type=\"bridge_portfolio_slider.default\">\n\t\t\t\t<div class=\"elementor-widget-container\">\n\t\t\t<div class='portfolio_slider_holder clearfix'><div class='portfolio_slider'  data-number_of_items='4'  ><ul class='portfolio_slides'><li class='item'><div class='image_holder'><span class='image'><span class='image_pixel_hover'><\/span><a itemprop='url' href='https:\/\/echappeesalpines.com\/index.php\/portfolio_page\/randonnee\/' target='_self'><img loading=\"lazy\" decoding=\"async\" width=\"519\" height=\"686\" src=\"https:\/\/echappeesalpines.com\/wp-content\/uploads\/2024\/01\/randonnee.png\" class=\"attachment-full size-full wp-post-image\" alt=\"\" srcset=\"https:\/\/echappeesalpines.com\/wp-content\/uploads\/2024\/01\/randonnee-227x300.png 227w, https:\/\/echappeesalpines.com\/wp-content\/uploads\/2024\/01\/randonnee.png 519w\" sizes=\"(max-width: 519px) 100vw, 519px\" \/><\/a><\/span><div class='hover_feature_holder'><div class=\"hover_feature_holder_outer\"><div class=\"hover_feature_holder_inner\"><h3 itemprop=\"name\" class=\"portfolio_title entry_title\"><a itemprop=\"url\" href=\"https:\/\/echappeesalpines.com\/index.php\/portfolio_page\/randonnee\/\" target=\"_self\">Randonn\u00e9e<\/a><\/h3><span class=\"separator small\"><\/span><div class=\"project_category\"><\/div><a itemprop=\"url\" href=\"https:\/\/echappeesalpines.com\/index.php\/portfolio_page\/randonnee\/\" target=\"_self\" class=\"qbutton white small\">view<\/a><\/div><\/div><\/div><\/div><\/li><li class='item'><div class='image_holder'><span class='image'><span class='image_pixel_hover'><\/span><a itemprop='url' href='https:\/\/echappeesalpines.com\/index.php\/portfolio_page\/marche-nordique\/' target='_self'><img loading=\"lazy\" decoding=\"async\" width=\"519\" height=\"686\" src=\"https:\/\/echappeesalpines.com\/wp-content\/uploads\/2024\/01\/marche-nordique-1.png\" class=\"attachment-full size-full wp-post-image\" alt=\"\" srcset=\"https:\/\/echappeesalpines.com\/wp-content\/uploads\/2024\/01\/marche-nordique-1-227x300.png 227w, https:\/\/echappeesalpines.com\/wp-content\/uploads\/2024\/01\/marche-nordique-1.png 519w\" sizes=\"(max-width: 519px) 100vw, 519px\" \/><\/a><\/span><div class='hover_feature_holder'><div class=\"hover_feature_holder_outer\"><div class=\"hover_feature_holder_inner\"><h3 itemprop=\"name\" class=\"portfolio_title entry_title\"><a itemprop=\"url\" href=\"https:\/\/echappeesalpines.com\/index.php\/portfolio_page\/marche-nordique\/\" target=\"_self\">Marche Nordique<\/a><\/h3><span class=\"separator small\"><\/span><div class=\"project_category\"><\/div><a itemprop=\"url\" href=\"https:\/\/echappeesalpines.com\/index.php\/portfolio_page\/marche-nordique\/\" target=\"_self\" class=\"qbutton white small\">view<\/a><\/div><\/div><\/div><\/div><\/li><li class='item'><div class='image_holder'><span class='image'><span class='image_pixel_hover'><\/span><a itemprop='url' href='https:\/\/echappeesalpines.com\/index.php\/portfolio_page\/raquettes\/' target='_self'><img loading=\"lazy\" decoding=\"async\" width=\"519\" height=\"686\" src=\"https:\/\/echappeesalpines.com\/wp-content\/uploads\/2024\/01\/raquettes-1.png\" class=\"attachment-full size-full wp-post-image\" alt=\"\" srcset=\"https:\/\/echappeesalpines.com\/wp-content\/uploads\/2024\/01\/raquettes-1-227x300.png 227w, https:\/\/echappeesalpines.com\/wp-content\/uploads\/2024\/01\/raquettes-1.png 519w\" sizes=\"(max-width: 519px) 100vw, 519px\" \/><\/a><\/span><div class='hover_feature_holder'><div class=\"hover_feature_holder_outer\"><div class=\"hover_feature_holder_inner\"><h3 itemprop=\"name\" class=\"portfolio_title entry_title\"><a itemprop=\"url\" href=\"https:\/\/echappeesalpines.com\/index.php\/portfolio_page\/raquettes\/\" target=\"_self\">Raquettes<\/a><\/h3><span class=\"separator small\"><\/span><div class=\"project_category\"><\/div><a itemprop=\"url\" href=\"https:\/\/echappeesalpines.com\/index.php\/portfolio_page\/raquettes\/\" target=\"_self\" class=\"qbutton white small\">view<\/a><\/div><\/div><\/div><\/div><\/li><li class='item'><div class='image_holder'><span class='image'><span class='image_pixel_hover'><\/span><a itemprop='url' href='https:\/\/echappeesalpines.com\/index.php\/portfolio_page\/trail\/' target='_self'><img loading=\"lazy\" decoding=\"async\" width=\"519\" height=\"686\" src=\"https:\/\/echappeesalpines.com\/wp-content\/uploads\/2024\/01\/trail.png\" class=\"attachment-full size-full wp-post-image\" alt=\"\" srcset=\"https:\/\/echappeesalpines.com\/wp-content\/uploads\/2024\/01\/trail-227x300.png 227w, https:\/\/echappeesalpines.com\/wp-content\/uploads\/2024\/01\/trail.png 519w\" sizes=\"(max-width: 519px) 100vw, 519px\" \/><\/a><\/span><div class='hover_feature_holder'><div class=\"hover_feature_holder_outer\"><div class=\"hover_feature_holder_inner\"><h3 itemprop=\"name\" class=\"portfolio_title entry_title\"><a itemprop=\"url\" href=\"https:\/\/echappeesalpines.com\/index.php\/portfolio_page\/trail\/\" target=\"_self\">Trail<\/a><\/h3><span class=\"separator small\"><\/span><div class=\"project_category\"><\/div><a itemprop=\"url\" href=\"https:\/\/echappeesalpines.com\/index.php\/portfolio_page\/trail\/\" target=\"_self\" class=\"qbutton white small\">view<\/a><\/div><\/div><\/div><\/div><\/li><li class='item'><div class='image_holder'><span class='image'><span class='image_pixel_hover'><\/span><a itemprop='url' href='https:\/\/echappeesalpines.com\/index.php\/portfolio_page\/sortie-scolaire\/' target='_self'><img loading=\"lazy\" decoding=\"async\" width=\"519\" height=\"686\" src=\"https:\/\/echappeesalpines.com\/wp-content\/uploads\/2024\/01\/sortie-scolaire.png\" class=\"attachment-full size-full wp-post-image\" alt=\"\" srcset=\"https:\/\/echappeesalpines.com\/wp-content\/uploads\/2024\/01\/sortie-scolaire-227x300.png 227w, https:\/\/echappeesalpines.com\/wp-content\/uploads\/2024\/01\/sortie-scolaire.png 519w\" sizes=\"(max-width: 519px) 100vw, 519px\" \/><\/a><\/span><div class='hover_feature_holder'><div class=\"hover_feature_holder_outer\"><div class=\"hover_feature_holder_inner\"><h3 itemprop=\"name\" class=\"portfolio_title entry_title\"><a itemprop=\"url\" href=\"https:\/\/echappeesalpines.com\/index.php\/portfolio_page\/sortie-scolaire\/\" target=\"_self\">Sortie scolaire<\/a><\/h3><span class=\"separator small\"><\/span><div class=\"project_category\"><\/div><a itemprop=\"url\" href=\"https:\/\/echappeesalpines.com\/index.php\/portfolio_page\/sortie-scolaire\/\" target=\"_self\" class=\"qbutton white small\">view<\/a><\/div><\/div><\/div><\/div><\/li><li class='item'><div class='image_holder'><span class='image'><span class='image_pixel_hover'><\/span><a itemprop='url' href='https:\/\/echappeesalpines.com\/index.php\/portfolio_page\/excursions-a-themes\/' target='_self'><img loading=\"lazy\" decoding=\"async\" width=\"519\" height=\"686\" src=\"https:\/\/echappeesalpines.com\/wp-content\/uploads\/2024\/01\/excursion-a-theme.png\" class=\"attachment-full size-full wp-post-image\" alt=\"\" srcset=\"https:\/\/echappeesalpines.com\/wp-content\/uploads\/2024\/01\/excursion-a-theme-227x300.png 227w, https:\/\/echappeesalpines.com\/wp-content\/uploads\/2024\/01\/excursion-a-theme.png 519w\" sizes=\"(max-width: 519px) 100vw, 519px\" \/><\/a><\/span><div class='hover_feature_holder'><div class=\"hover_feature_holder_outer\"><div class=\"hover_feature_holder_inner\"><h3 itemprop=\"name\" class=\"portfolio_title entry_title\"><a itemprop=\"url\" href=\"https:\/\/echappeesalpines.com\/index.php\/portfolio_page\/excursions-a-themes\/\" target=\"_self\">Excursion \u00e0 th\u00e8me<\/a><\/h3><span class=\"separator small\"><\/span><div class=\"project_category\"><\/div><a itemprop=\"url\" href=\"https:\/\/echappeesalpines.com\/index.php\/portfolio_page\/excursions-a-themes\/\" target=\"_self\" class=\"qbutton white small\">view<\/a><\/div><\/div><\/div><\/div><\/li><li class='item'><div class='image_holder'><span class='image'><span class='image_pixel_hover'><\/span><a itemprop='url' href='https:\/\/echappeesalpines.com\/index.php\/portfolio_page\/bivouac\/' target='_self'><img loading=\"lazy\" decoding=\"async\" width=\"519\" height=\"686\" src=\"https:\/\/echappeesalpines.com\/wp-content\/uploads\/2024\/01\/bivouac.png\" class=\"attachment-full size-full wp-post-image\" alt=\"\" srcset=\"https:\/\/echappeesalpines.com\/wp-content\/uploads\/2024\/01\/bivouac-227x300.png 227w, https:\/\/echappeesalpines.com\/wp-content\/uploads\/2024\/01\/bivouac.png 519w\" sizes=\"(max-width: 519px) 100vw, 519px\" \/><\/a><\/span><div class='hover_feature_holder'><div class=\"hover_feature_holder_outer\"><div class=\"hover_feature_holder_inner\"><h3 itemprop=\"name\" class=\"portfolio_title entry_title\"><a itemprop=\"url\" href=\"https:\/\/echappeesalpines.com\/index.php\/portfolio_page\/bivouac\/\" target=\"_self\">Bivouac<\/a><\/h3><span class=\"separator small\"><\/span><div class=\"project_category\"><\/div><a itemprop=\"url\" href=\"https:\/\/echappeesalpines.com\/index.php\/portfolio_page\/bivouac\/\" target=\"_self\" class=\"qbutton white small\">view<\/a><\/div><\/div><\/div><\/div><\/li><li class='item'><div class='image_holder'><span class='image'><span class='image_pixel_hover'><\/span><a itemprop='url' href='https:\/\/echappeesalpines.com\/index.php\/portfolio_page\/sejour-trek\/' target='_self'><img loading=\"lazy\" decoding=\"async\" width=\"519\" height=\"686\" src=\"https:\/\/echappeesalpines.com\/wp-content\/uploads\/2024\/01\/sejour-trek.png\" class=\"attachment-full size-full wp-post-image\" alt=\"\" srcset=\"https:\/\/echappeesalpines.com\/wp-content\/uploads\/2024\/01\/sejour-trek-227x300.png 227w, https:\/\/echappeesalpines.com\/wp-content\/uploads\/2024\/01\/sejour-trek.png 519w\" sizes=\"(max-width: 519px) 100vw, 519px\" \/><\/a><\/span><div class='hover_feature_holder'><div class=\"hover_feature_holder_outer\"><div class=\"hover_feature_holder_inner\"><h3 itemprop=\"name\" class=\"portfolio_title entry_title\"><a itemprop=\"url\" href=\"https:\/\/echappeesalpines.com\/index.php\/portfolio_page\/sejour-trek\/\" target=\"_self\">S\u00e9jour &#038; trek<\/a><\/h3><span class=\"separator small\"><\/span><div class=\"project_category\"><\/div><a itemprop=\"url\" href=\"https:\/\/echappeesalpines.com\/index.php\/portfolio_page\/sejour-trek\/\" target=\"_self\" class=\"qbutton white small\">view<\/a><\/div><\/div><\/div><\/div><\/li><\/ul><ul class=\"caroufredsel-direction-nav\"><li><a id=\"caroufredsel-prev\" class=\"caroufredsel-prev\" href=\"#\"><div><i class=\"fa fa-angle-left\"><\/i><\/div><\/a><\/li><li><a class=\"caroufredsel-next\" id=\"caroufredsel-next\" href=\"#\"><div><i class=\"fa fa-angle-right\"><\/i><\/div><\/a><\/li><\/ul><\/div><\/div>\t\t<\/div>\n\t\t\t\t<\/div>\n\t\t\t\t\t<\/div>\n\t\t\t\t<\/div>\n\t\t<div class=\"elementor-element elementor-element-ea005c3 e-flex e-con-boxed parallax_section_no qode_elementor_container_no e-con e-parent\" data-id=\"ea005c3\" data-element_type=\"container\" data-settings=\"{&quot;content_width&quot;:&quot;boxed&quot;}\" data-core-v316-plus=\"true\">\n\t\t\t\t\t<div class=\"e-con-inner\">\n\t\t<div class=\"elementor-element elementor-element-bbf00b4 e-con-full e-flex parallax_section_no qode_elementor_container_no e-con e-child\" data-id=\"bbf00b4\" data-element_type=\"container\" data-settings=\"{&quot;content_width&quot;:&quot;full&quot;}\">\n\t\t\t\t<div class=\"elementor-element elementor-element-69df219 elementor-widget elementor-widget-heading\" data-id=\"69df219\" data-element_type=\"widget\" data-widget_type=\"heading.default\">\n\t\t\t\t<div class=\"elementor-widget-container\">\n\t\t\t<h2 class=\"elementor-heading-title elementor-size-default\">Se lancer dans l'aventure\u200b<\/h2>\t\t<\/div>\n\t\t\t\t<\/div>\n\t\t\t\t<div class=\"elementor-element elementor-element-4283e03 elementor-widget elementor-widget-heading\" data-id=\"4283e03\" data-element_type=\"widget\" data-widget_type=\"heading.default\">\n\t\t\t\t<div class=\"elementor-widget-container\">\n\t\t\t<span class=\"elementor-heading-title elementor-size-default\">Les prochaines excursions\u200b<\/span>\t\t<\/div>\n\t\t\t\t<\/div>\n\t\t\t\t<\/div>\n\t\t\t\t<div class=\"elementor-element elementor-element-a499343 elementor-widget__width-initial elementor-widget elementor-widget-text-editor\" data-id=\"a499343\" data-element_type=\"widget\" data-widget_type=\"text-editor.default\">\n\t\t\t\t<div class=\"elementor-widget-container\">\n\t\t\t\t\t\t\t<p><span style=\"font-weight: 400;\">Et si vous tentiez l\u2019aventure ? Retrouvez ici le listing de mes prochaines \u00e9chapp\u00e9es, bookez votre place en ligne ou contactez-moi directement. <\/span><\/p>\t\t\t\t\t\t<\/div>\n\t\t\t\t<\/div>\n\t\t\t\t\t<\/div>\n\t\t\t\t<\/div>\n\t\t<div class=\"elementor-element elementor-element-a62a288 e-flex e-con-boxed parallax_section_no qode_elementor_container_no e-con e-parent\" data-id=\"a62a288\" data-element_type=\"container\" data-settings=\"{&quot;content_width&quot;:&quot;boxed&quot;}\" data-core-v316-plus=\"true\">\n\t\t\t\t\t<div class=\"e-con-inner\">\n\t\t\t\t<div class=\"elementor-element elementor-element-9adf3b4 elementor-widget elementor-widget-shortcode\" data-id=\"9adf3b4\" data-element_type=\"widget\" data-widget_type=\"shortcode.default\">\n\t\t\t\t<div class=\"elementor-widget-container\">\n\t\t\t\t\t<div class=\"elementor-shortcode\"><section class=\"sejours-module\">            <article class=\"card_randonnee\">\n                                    <img decoding=\"async\" class=\"card_thumbnail\" src=\"https:\/\/echappeesalpines.com\/wp-content\/uploads\/2024\/02\/AdobeStock_97599518-scaled.jpeg\" alt=\"S\u00e9jour Marche Nordique &#8211; Plateau du Retord\">\n                                <header>\n                    <div class=\"infos_pratiques_randonnee\">\n                        <span class=\"date_randonnee\">Du 30 au 31 mai 2024<\/span>\n                        <span class=\"prix_randonnee\">180<\/span>\n                    <\/div>\n                    <h3 class=\"titre_randonnee\">S\u00e9jour Marche Nordique &#8211; Plateau du Retord<\/h3>\n                                    <\/header>\n                <p class=\"description_randonnee\">Vivez une fabuleuse aventure en marche nordique au c\u0153ur du plateau du Retord durant 2 jours !<\/p>\n               <!--  <div class=\"distances_randonnee\">\n                    <span class=\"kilometres_randonnee\"><\/span>\n                    <span class=\"denivele_randonnee\"><\/span>\n                <\/div> -->\n                <div class=\"niveaux_randonnee\">\n                                            <div class=\"niveau_randonne_icon_text level_2\"><img decoding=\"async\" src=\"https:\/\/echappeesalpines.com\/wp-content\/plugins\/sejours-module\/images\/physique_niveau_deux.png\" alt=\"Niveau physique 2\">\n                        <span>Randonn\u00e9e moyen<\/span>\n                        <\/div>\n                                                                <div class=\"niveau_randonne_icon_text level_2\"><img decoding=\"async\" src=\"https:\/\/echappeesalpines.com\/wp-content\/plugins\/sejours-module\/images\/technicite_niveau_deux.png\" alt=\"Niveau technique 2\">\n                        <span>Faiblement technique<\/span>\n                        <\/div>\n                                                                <div class=\"niveau_randonne_icon_text level_2\"><img decoding=\"async\" src=\"https:\/\/echappeesalpines.com\/wp-content\/plugins\/sejours-module\/images\/danger_niveau_deux.png\" alt=\"Niveau danger 2\">\n                        <span>Exposition l\u00e9g\u00e8re<\/span>\n                        <\/div>\n                                    <\/div>\n                <div class=\"info_link\">\n                    <svg id=\"a\" xmlns=\"http:\/\/www.w3.org\/2000\/svg\" width=\"18.9\" height=\"18.9\" viewBox=\"0 0 18.9 18.9\"><path d=\"M9.99,0l1.37.2c7.05,1.44,9.96,10.14,5.11,15.52C11.25,21.51,1.8,18.87.2,11.36L0,9.99c.01-.37-.02-.74,0-1.11C.27,4.17,4.17.26,8.88,0h1.11ZM10.27,3.63c-1.93.02-1.85,2.73.03,2.7s1.85-2.72-.03-2.7ZM11.57,13.97c-.52.19-1.64.47-1.76-.32-.23-1.56,2.31-5.3-.15-6-.99-.29-1.97.13-2.88.49l-.18.68c1-.36,1.89-.47,1.69.9-.18,1.23-1.25,3.49-.79,4.59.43,1.02,1.87,1.03,2.77.75.15-.05,1.02-.36,1.09-.42.12-.1.12-.51.21-.66Z\"\/><\/svg>\n                    <a href=\"#\" class=\"difficulty-trigger\">Informations sur la difficult\u00e9<\/a>\n                <\/div>\n                <div class=\"buttons\">\n                                            <a class=\"inscription_randonnee\" href=\"https:\/\/my.weezevent.com\/sejour-rando-7-au-9-juin-traversee-de-la-chartreuse\" target=\"_blank\">Inscriptions<\/a>\n                                                                <a class=\"infos_detailles_randonnee\" href=\"https:\/\/echappeesalpines.com\/wp-content\/uploads\/2024\/04\/FT-Sejour-Retord-MN-30-31-Mai-2024_VF.pdf\" target=\"_blank\">Plus d'informations<\/a>\n                                    <\/div>\n            <\/article>\n                        <article class=\"card_randonnee\">\n                                    <img decoding=\"async\" class=\"card_thumbnail\" src=\"https:\/\/echappeesalpines.com\/wp-content\/uploads\/2024\/02\/Capture-decran-2024-02-09-a-14.41.57-copie.jpg\" alt=\"S\u00e9jour randonn\u00e9e &#8211; Aiguille de la Grande Sassi\u00e8re\">\n                                <header>\n                    <div class=\"infos_pratiques_randonnee\">\n                        <span class=\"date_randonnee\">Du 23 au 24 ao\u00fbt 2025<\/span>\n                        <span class=\"prix_randonnee\">250<\/span>\n                    <\/div>\n                    <h3 class=\"titre_randonnee\">S\u00e9jour randonn\u00e9e &#8211; Aiguille de la Grande Sassi\u00e8re<\/h3>\n                                            <p class=\"lieu_randonnee\">\n                            <img decoding=\"async\" src=\"https:\/\/echappeesalpines.com\/wp-content\/plugins\/sejours-module\/images\/lieu.png\" alt=\"icone de lieu\" \/>\n                            Alpes gr\u00e9es                        <\/p>\n                                    <\/header>\n                <p class=\"description_randonnee\">D\u00e9couvrez le Lac noir \u2013 blanc depuis Chebal, dormez dans un gite et partez \u00e0 l\u2019ascension de la Grande Sassi\u00e8re.\r\n2 jours marche \u2013 28km \/ 2450m d\u00e9nivel\u00e9<\/p>\n               <!--  <div class=\"distances_randonnee\">\n                    <span class=\"kilometres_randonnee\"><\/span>\n                    <span class=\"denivele_randonnee\"><\/span>\n                <\/div> -->\n                <div class=\"niveaux_randonnee\">\n                                            <div class=\"niveau_randonne_icon_text level_4\"><img decoding=\"async\" src=\"https:\/\/echappeesalpines.com\/wp-content\/plugins\/sejours-module\/images\/physique_niveau_quatre.png\" alt=\"Niveau physique 4\">\n                        <span>Randonn\u00e9e tr\u00e8s difficile<\/span>\n                        <\/div>\n                                                                <div class=\"niveau_randonne_icon_text level_3\"><img decoding=\"async\" src=\"https:\/\/echappeesalpines.com\/wp-content\/plugins\/sejours-module\/images\/technicite_niveau_trois.png\" alt=\"Niveau technique 3\">\n                        <span>Mod\u00e9r\u00e9ment technique<\/span>\n                        <\/div>\n                                                                <div class=\"niveau_randonne_icon_text level_4\"><img decoding=\"async\" src=\"https:\/\/echappeesalpines.com\/wp-content\/plugins\/sejours-module\/images\/danger_niveau_quatre.png\" alt=\"Niveau danger 4\">\n                        <span>Exposition \u00e9lev\u00e9e<\/span>\n                        <\/div>\n                                    <\/div>\n                <div class=\"info_link\">\n                    <svg id=\"a\" xmlns=\"http:\/\/www.w3.org\/2000\/svg\" width=\"18.9\" height=\"18.9\" viewBox=\"0 0 18.9 18.9\"><path d=\"M9.99,0l1.37.2c7.05,1.44,9.96,10.14,5.11,15.52C11.25,21.51,1.8,18.87.2,11.36L0,9.99c.01-.37-.02-.74,0-1.11C.27,4.17,4.17.26,8.88,0h1.11ZM10.27,3.63c-1.93.02-1.85,2.73.03,2.7s1.85-2.72-.03-2.7ZM11.57,13.97c-.52.19-1.64.47-1.76-.32-.23-1.56,2.31-5.3-.15-6-.99-.29-1.97.13-2.88.49l-.18.68c1-.36,1.89-.47,1.69.9-.18,1.23-1.25,3.49-.79,4.59.43,1.02,1.87,1.03,2.77.75.15-.05,1.02-.36,1.09-.42.12-.1.12-.51.21-.66Z\"\/><\/svg>\n                    <a href=\"#\" class=\"difficulty-trigger\">Informations sur la difficult\u00e9<\/a>\n                <\/div>\n                <div class=\"buttons\">\n                                            <a class=\"inscription_randonnee\" href=\"https:\/\/my.weezevent.com\/sejour-rando-3-au-4-aout-aiguille-de-la-grande-sassiere\" target=\"_blank\">Inscriptions<\/a>\n                                                        <\/div>\n            <\/article>\n                        <article class=\"card_randonnee\">\n                                    <img decoding=\"async\" class=\"card_thumbnail\" src=\"https:\/\/echappeesalpines.com\/wp-content\/uploads\/2023\/04\/Grand-Causses-et-Lozere.png\" alt=\"S\u00e9jour randonn\u00e9e &#8211; Grand Causses et Loz\u00e8re\">\n                                <header>\n                    <div class=\"infos_pratiques_randonnee\">\n                        <span class=\"date_randonnee\">Du 23 au 26 septembre 2025<\/span>\n                        <span class=\"prix_randonnee\">550<\/span>\n                    <\/div>\n                    <h3 class=\"titre_randonnee\">S\u00e9jour randonn\u00e9e &#8211; Grand Causses et Loz\u00e8re<\/h3>\n                                            <p class=\"lieu_randonnee\">\n                            <img decoding=\"async\" src=\"https:\/\/echappeesalpines.com\/wp-content\/plugins\/sejours-module\/images\/lieu.png\" alt=\"icone de lieu\" \/>\n                            Causses - Gorges du Tarn                        <\/p>\n                                    <\/header>\n                <p class=\"description_randonnee\">Partez pendant 4 jours \u00e0 la d\u00e9couverte de villages, maisons, Gorges et vautours en plein coeur de la Loz\u00e8re et des Grands Causses.<\/p>\n               <!--  <div class=\"distances_randonnee\">\n                    <span class=\"kilometres_randonnee\"><\/span>\n                    <span class=\"denivele_randonnee\"><\/span>\n                <\/div> -->\n                <div class=\"niveaux_randonnee\">\n                                            <div class=\"niveau_randonne_icon_text level_2\"><img decoding=\"async\" src=\"https:\/\/echappeesalpines.com\/wp-content\/plugins\/sejours-module\/images\/physique_niveau_deux.png\" alt=\"Niveau physique 2\">\n                        <span>Randonn\u00e9e moyen<\/span>\n                        <\/div>\n                                                                <div class=\"niveau_randonne_icon_text level_2\"><img decoding=\"async\" src=\"https:\/\/echappeesalpines.com\/wp-content\/plugins\/sejours-module\/images\/technicite_niveau_deux.png\" alt=\"Niveau technique 2\">\n                        <span>Faiblement technique<\/span>\n                        <\/div>\n                                                                <div class=\"niveau_randonne_icon_text level_2\"><img decoding=\"async\" src=\"https:\/\/echappeesalpines.com\/wp-content\/plugins\/sejours-module\/images\/danger_niveau_deux.png\" alt=\"Niveau danger 2\">\n                        <span>Exposition l\u00e9g\u00e8re<\/span>\n                        <\/div>\n                                    <\/div>\n                <div class=\"info_link\">\n                    <svg id=\"a\" xmlns=\"http:\/\/www.w3.org\/2000\/svg\" width=\"18.9\" height=\"18.9\" viewBox=\"0 0 18.9 18.9\"><path d=\"M9.99,0l1.37.2c7.05,1.44,9.96,10.14,5.11,15.52C11.25,21.51,1.8,18.87.2,11.36L0,9.99c.01-.37-.02-.74,0-1.11C.27,4.17,4.17.26,8.88,0h1.11ZM10.27,3.63c-1.93.02-1.85,2.73.03,2.7s1.85-2.72-.03-2.7ZM11.57,13.97c-.52.19-1.64.47-1.76-.32-.23-1.56,2.31-5.3-.15-6-.99-.29-1.97.13-2.88.49l-.18.68c1-.36,1.89-.47,1.69.9-.18,1.23-1.25,3.49-.79,4.59.43,1.02,1.87,1.03,2.77.75.15-.05,1.02-.36,1.09-.42.12-.1.12-.51.21-.66Z\"\/><\/svg>\n                    <a href=\"#\" class=\"difficulty-trigger\">Informations sur la difficult\u00e9<\/a>\n                <\/div>\n                <div class=\"buttons\">\n                                            <a class=\"inscription_randonnee\" href=\"https:\/\/my.weezevent.com\/sejour-grand-causses-et-lozere\" target=\"_blank\">Inscriptions<\/a>\n                                                        <\/div>\n            <\/article>\n                        <article class=\"card_randonnee\">\n                                    <img decoding=\"async\" class=\"card_thumbnail\" src=\"https:\/\/echappeesalpines.com\/wp-content\/uploads\/2024\/11\/image.jpg\" alt=\"S\u00e9jour randonn\u00e9e &#8211; Luberon : rando &#038; vendanges\">\n                                <header>\n                    <div class=\"infos_pratiques_randonnee\">\n                        <span class=\"date_randonnee\">Du 2 au 5 octobre 2025<\/span>\n                        <span class=\"prix_randonnee\">450<\/span>\n                    <\/div>\n                    <h3 class=\"titre_randonnee\">S\u00e9jour randonn\u00e9e &#8211; Luberon : rando &#038; vendanges<\/h3>\n                                            <p class=\"lieu_randonnee\">\n                            <img decoding=\"async\" src=\"https:\/\/echappeesalpines.com\/wp-content\/plugins\/sejours-module\/images\/lieu.png\" alt=\"icone de lieu\" \/>\n                            Gordes                        <\/p>\n                                    <\/header>\n                <p class=\"description_randonnee\">Partez pendant 4 jours \u00e0 la d\u00e9couverte de villages, de canyons et panoramas sublimes en plein coeur du Luberon. Un riche terroir culinaire et culturel est \u00e0 d\u00e9couvrir, comme le travail du raisin pour la production de vin.<\/p>\n               <!--  <div class=\"distances_randonnee\">\n                    <span class=\"kilometres_randonnee\"><\/span>\n                    <span class=\"denivele_randonnee\"><\/span>\n                <\/div> -->\n                <div class=\"niveaux_randonnee\">\n                                            <div class=\"niveau_randonne_icon_text level_2\"><img decoding=\"async\" src=\"https:\/\/echappeesalpines.com\/wp-content\/plugins\/sejours-module\/images\/physique_niveau_deux.png\" alt=\"Niveau physique 2\">\n                        <span>Randonn\u00e9e moyen<\/span>\n                        <\/div>\n                                                                <div class=\"niveau_randonne_icon_text level_2\"><img decoding=\"async\" src=\"https:\/\/echappeesalpines.com\/wp-content\/plugins\/sejours-module\/images\/technicite_niveau_deux.png\" alt=\"Niveau technique 2\">\n                        <span>Faiblement technique<\/span>\n                        <\/div>\n                                                                <div class=\"niveau_randonne_icon_text level_2\"><img decoding=\"async\" src=\"https:\/\/echappeesalpines.com\/wp-content\/plugins\/sejours-module\/images\/danger_niveau_deux.png\" alt=\"Niveau danger 2\">\n                        <span>Exposition l\u00e9g\u00e8re<\/span>\n                        <\/div>\n                                    <\/div>\n                <div class=\"info_link\">\n                    <svg id=\"a\" xmlns=\"http:\/\/www.w3.org\/2000\/svg\" width=\"18.9\" height=\"18.9\" viewBox=\"0 0 18.9 18.9\"><path d=\"M9.99,0l1.37.2c7.05,1.44,9.96,10.14,5.11,15.52C11.25,21.51,1.8,18.87.2,11.36L0,9.99c.01-.37-.02-.74,0-1.11C.27,4.17,4.17.26,8.88,0h1.11ZM10.27,3.63c-1.93.02-1.85,2.73.03,2.7s1.85-2.72-.03-2.7ZM11.57,13.97c-.52.19-1.64.47-1.76-.32-.23-1.56,2.31-5.3-.15-6-.99-.29-1.97.13-2.88.49l-.18.68c1-.36,1.89-.47,1.69.9-.18,1.23-1.25,3.49-.79,4.59.43,1.02,1.87,1.03,2.77.75.15-.05,1.02-.36,1.09-.42.12-.1.12-.51.21-.66Z\"\/><\/svg>\n                    <a href=\"#\" class=\"difficulty-trigger\">Informations sur la difficult\u00e9<\/a>\n                <\/div>\n                <div class=\"buttons\">\n                                            <a class=\"inscription_randonnee\" href=\"https:\/\/my.weezevent.com\/sejour-grand-causses-et-lozere\" target=\"_blank\">Inscriptions<\/a>\n                                                        <\/div>\n            <\/article>\n                    <div id=\"popup_difficulte\" class=\"modal hidden\">\n            <div class=\"modal-content\">\n                <span class=\"close-modal\">&times;<\/span>\n                <img decoding=\"async\" src=\"https:\/\/echappeesalpines.com\/wp-content\/plugins\/sejours-module\/images\/tableau_hivernal_physique.png\" alt=\"Tableau Hivernal Physique\">\n                <img decoding=\"async\" src=\"https:\/\/echappeesalpines.com\/wp-content\/plugins\/sejours-module\/images\/tableau_hivernal_terrain.png\" alt=\"Tableau Hivernal Terrain\">\n                <img decoding=\"async\" src=\"https:\/\/echappeesalpines.com\/wp-content\/plugins\/sejours-module\/images\/tableau_hivernal_risques.png\" alt=\"Tableau Hivernal Risque\">\n            <\/div>\n        <\/div>\n\n        <\/section><\/div>\n\t\t\t\t<\/div>\n\t\t\t\t<\/div>\n\t\t\t\t\t<\/div>\n\t\t\t\t<\/div>\n\t\t<div class=\"elementor-element elementor-element-bbc5e41 e-flex e-con-boxed parallax_section_no qode_elementor_container_no e-con e-parent\" data-id=\"bbc5e41\" data-element_type=\"container\" data-settings=\"{&quot;content_width&quot;:&quot;boxed&quot;}\" data-core-v316-plus=\"true\">\n\t\t\t\t\t<div class=\"e-con-inner\">\n\t\t\t\t<div class=\"elementor-element elementor-element-83e3a78 elementor-widget elementor-widget-shortcode\" data-id=\"83e3a78\" data-element_type=\"widget\" data-widget_type=\"shortcode.default\">\n\t\t\t\t<div class=\"elementor-widget-container\">\n\t\t\t\t\t<div class=\"elementor-shortcode\">        <section class=\"sejours-accordion\">\n            \n                            <div class=\"accordion-item\">\n                    <h3 class=\"accordion-header\">Randonn\u00e9e<\/h3>\n                    <div class=\"accordion-content\">\n                                                    <article class=\"card_randonnee\">\n                                                                    <img decoding=\"async\" class=\"card_thumbnail\" src=\"https:\/\/echappeesalpines.com\/wp-content\/uploads\/2024\/02\/Capture-decran-2024-02-09-a-14.41.57-copie.jpg\" alt=\"S\u00e9jour randonn\u00e9e &#8211; Aiguille de la Grande Sassi\u00e8re\">\n                                                                <header>\n                                    <div class=\"infos_pratiques_randonnee\">\n                                        <span class=\"date_randonnee\">Du 23 au 24 ao\u00fbt 2025<\/span>\n                                        <span class=\"prix_randonnee\">250<\/span>\n                                    <\/div>\n                                    <h3 class=\"titre_randonnee\">S\u00e9jour randonn\u00e9e &#8211; Aiguille de la Grande Sassi\u00e8re<\/h3>\n                                                                            <p class=\"lieu_randonnee\">\n                                            <img decoding=\"async\" src=\"https:\/\/echappeesalpines.com\/wp-content\/plugins\/sejours-module\/images\/lieu.png\" alt=\"icone de lieu\" \/>\n                                            Alpes gr\u00e9es                                        <\/p>\n                                                                    <\/header>\n                                <p class=\"description_randonnee\">D\u00e9couvrez le Lac noir \u2013 blanc depuis Chebal, dormez dans un gite et partez \u00e0 l\u2019ascension de la Grande Sassi\u00e8re.\r\n2 jours marche \u2013 28km \/ 2450m d\u00e9nivel\u00e9<\/p>\n                                <div class=\"niveaux_randonnee\">\n                                                                            <div class=\"niveau_randonne_icon_text level_4\">\n                                            <img decoding=\"async\" src=\"https:\/\/echappeesalpines.com\/wp-content\/plugins\/sejours-module\/images\/physique_niveau_quatre.png\" alt=\"Niveau physique 4\">\n                                            <span>Randonn\u00e9e tr\u00e8s difficile<\/span>\n                                        <\/div>\n                                                                                                                <div class=\"niveau_randonne_icon_text level_3\">\n                                            <img decoding=\"async\" src=\"https:\/\/echappeesalpines.com\/wp-content\/plugins\/sejours-module\/images\/technicite_niveau_trois.png\" alt=\"Niveau technique 3\">\n                                            <span>Mod\u00e9r\u00e9ment technique<\/span>\n                                        <\/div>\n                                                                                                                <div class=\"niveau_randonne_icon_text level_4\">\n                                            <img decoding=\"async\" src=\"https:\/\/echappeesalpines.com\/wp-content\/plugins\/sejours-module\/images\/danger_niveau_quatre.png\" alt=\"Niveau danger 4\">\n                                            <span>Exposition \u00e9lev\u00e9e<\/span>\n                                        <\/div>\n                                                                    <\/div>\n                                <div class=\"info_link\">\n                                    <svg id=\"a\" xmlns=\"http:\/\/www.w3.org\/2000\/svg\" width=\"18.9\" height=\"18.9\" viewBox=\"0 0 18.9 18.9\">\n                                        <path d=\"M9.99,0l1.37.2c7.05,1.44,9.96,10.14,5.11,15.52C11.25,21.51,1.8,18.87.2,11.36L0,9.99c.01-.37-.02-.74,0-1.11C.27,4.17,4.17.26,8.88,0h1.11ZM10.27,3.63c-1.93.02-1.85,2.73.03,2.7s1.85-2.72-.03-2.7ZM11.57,13.97c-.52.19-1.64.47-1.76-.32-.23-1.56,2.31-5.3-.15-6-.99-.29-1.97.13-2.88.49l-.18.68c1-.36,1.89-.47,1.69.9-.18,1.23-1.25,3.49-.79,4.59.43,1.02,1.87,1.03,2.77.75.15-.05,1.02-.36,1.09-.42.12-.1.12-.51.21-.66Z\"\/>\n                                    <\/svg>\n                                    <a href=\"#\" class=\"difficulty-trigger\">Informations sur la difficult\u00e9<\/a>\n                                <\/div>\n                                <div class=\"buttons\">\n                                                                            <a class=\"inscription_randonnee\" href=\"https:\/\/my.weezevent.com\/sejour-rando-3-au-4-aout-aiguille-de-la-grande-sassiere\" target=\"_blank\">Inscriptions<\/a>\n                                                                                                        <\/div>\n                            <\/article>\n                                            <\/div>\n                <\/div>\n                            <div class=\"accordion-item\">\n                    <h3 class=\"accordion-header\">S\u00e9jour &amp; Trek<\/h3>\n                    <div class=\"accordion-content\">\n                                                    <article class=\"card_randonnee\">\n                                                                    <img decoding=\"async\" class=\"card_thumbnail\" src=\"https:\/\/echappeesalpines.com\/wp-content\/uploads\/2024\/02\/AdobeStock_97599518-scaled.jpeg\" alt=\"S\u00e9jour Marche Nordique &#8211; Plateau du Retord\">\n                                                                <header>\n                                    <div class=\"infos_pratiques_randonnee\">\n                                        <span class=\"date_randonnee\">Du 30 au 31 mai 2024<\/span>\n                                        <span class=\"prix_randonnee\">180<\/span>\n                                    <\/div>\n                                    <h3 class=\"titre_randonnee\">S\u00e9jour Marche Nordique &#8211; Plateau du Retord<\/h3>\n                                                                    <\/header>\n                                <p class=\"description_randonnee\">Vivez une fabuleuse aventure en marche nordique au c\u0153ur du plateau du Retord durant 2 jours !<\/p>\n                                <div class=\"niveaux_randonnee\">\n                                                                            <div class=\"niveau_randonne_icon_text level_2\">\n                                            <img decoding=\"async\" src=\"https:\/\/echappeesalpines.com\/wp-content\/plugins\/sejours-module\/images\/physique_niveau_deux.png\" alt=\"Niveau physique 2\">\n                                            <span>Randonn\u00e9e moyen<\/span>\n                                        <\/div>\n                                                                                                                <div class=\"niveau_randonne_icon_text level_2\">\n                                            <img decoding=\"async\" src=\"https:\/\/echappeesalpines.com\/wp-content\/plugins\/sejours-module\/images\/technicite_niveau_deux.png\" alt=\"Niveau technique 2\">\n                                            <span>Faiblement technique<\/span>\n                                        <\/div>\n                                                                                                                <div class=\"niveau_randonne_icon_text level_2\">\n                                            <img decoding=\"async\" src=\"https:\/\/echappeesalpines.com\/wp-content\/plugins\/sejours-module\/images\/danger_niveau_deux.png\" alt=\"Niveau danger 2\">\n                                            <span>Exposition l\u00e9g\u00e8re<\/span>\n                                        <\/div>\n                                                                    <\/div>\n                                <div class=\"info_link\">\n                                    <svg id=\"a\" xmlns=\"http:\/\/www.w3.org\/2000\/svg\" width=\"18.9\" height=\"18.9\" viewBox=\"0 0 18.9 18.9\">\n                                        <path d=\"M9.99,0l1.37.2c7.05,1.44,9.96,10.14,5.11,15.52C11.25,21.51,1.8,18.87.2,11.36L0,9.99c.01-.37-.02-.74,0-1.11C.27,4.17,4.17.26,8.88,0h1.11ZM10.27,3.63c-1.93.02-1.85,2.73.03,2.7s1.85-2.72-.03-2.7ZM11.57,13.97c-.52.19-1.64.47-1.76-.32-.23-1.56,2.31-5.3-.15-6-.99-.29-1.97.13-2.88.49l-.18.68c1-.36,1.89-.47,1.69.9-.18,1.23-1.25,3.49-.79,4.59.43,1.02,1.87,1.03,2.77.75.15-.05,1.02-.36,1.09-.42.12-.1.12-.51.21-.66Z\"\/>\n                                    <\/svg>\n                                    <a href=\"#\" class=\"difficulty-trigger\">Informations sur la difficult\u00e9<\/a>\n                                <\/div>\n                                <div class=\"buttons\">\n                                                                            <a class=\"inscription_randonnee\" href=\"https:\/\/my.weezevent.com\/sejour-rando-7-au-9-juin-traversee-de-la-chartreuse\" target=\"_blank\">Inscriptions<\/a>\n                                                                                                                <a class=\"infos_detailles_randonnee\" href=\"https:\/\/echappeesalpines.com\/wp-content\/uploads\/2024\/04\/FT-Sejour-Retord-MN-30-31-Mai-2024_VF.pdf\" target=\"_blank\">Plus d'informations<\/a>\n                                                                    <\/div>\n                            <\/article>\n                                                    <article class=\"card_randonnee\">\n                                                                    <img decoding=\"async\" class=\"card_thumbnail\" src=\"https:\/\/echappeesalpines.com\/wp-content\/uploads\/2024\/02\/Capture-decran-2024-02-09-a-14.41.57-copie.jpg\" alt=\"S\u00e9jour randonn\u00e9e &#8211; Aiguille de la Grande Sassi\u00e8re\">\n                                                                <header>\n                                    <div class=\"infos_pratiques_randonnee\">\n                                        <span class=\"date_randonnee\">Du 23 au 24 ao\u00fbt 2025<\/span>\n                                        <span class=\"prix_randonnee\">250<\/span>\n                                    <\/div>\n                                    <h3 class=\"titre_randonnee\">S\u00e9jour randonn\u00e9e &#8211; Aiguille de la Grande Sassi\u00e8re<\/h3>\n                                                                            <p class=\"lieu_randonnee\">\n                                            <img decoding=\"async\" src=\"https:\/\/echappeesalpines.com\/wp-content\/plugins\/sejours-module\/images\/lieu.png\" alt=\"icone de lieu\" \/>\n                                            Alpes gr\u00e9es                                        <\/p>\n                                                                    <\/header>\n                                <p class=\"description_randonnee\">D\u00e9couvrez le Lac noir \u2013 blanc depuis Chebal, dormez dans un gite et partez \u00e0 l\u2019ascension de la Grande Sassi\u00e8re.\r\n2 jours marche \u2013 28km \/ 2450m d\u00e9nivel\u00e9<\/p>\n                                <div class=\"niveaux_randonnee\">\n                                                                            <div class=\"niveau_randonne_icon_text level_4\">\n                                            <img decoding=\"async\" src=\"https:\/\/echappeesalpines.com\/wp-content\/plugins\/sejours-module\/images\/physique_niveau_quatre.png\" alt=\"Niveau physique 4\">\n                                            <span>Randonn\u00e9e tr\u00e8s difficile<\/span>\n                                        <\/div>\n                                                                                                                <div class=\"niveau_randonne_icon_text level_3\">\n                                            <img decoding=\"async\" src=\"https:\/\/echappeesalpines.com\/wp-content\/plugins\/sejours-module\/images\/technicite_niveau_trois.png\" alt=\"Niveau technique 3\">\n                                            <span>Mod\u00e9r\u00e9ment technique<\/span>\n                                        <\/div>\n                                                                                                                <div class=\"niveau_randonne_icon_text level_4\">\n                                            <img decoding=\"async\" src=\"https:\/\/echappeesalpines.com\/wp-content\/plugins\/sejours-module\/images\/danger_niveau_quatre.png\" alt=\"Niveau danger 4\">\n                                            <span>Exposition \u00e9lev\u00e9e<\/span>\n                                        <\/div>\n                                                                    <\/div>\n                                <div class=\"info_link\">\n                                    <svg id=\"a\" xmlns=\"http:\/\/www.w3.org\/2000\/svg\" width=\"18.9\" height=\"18.9\" viewBox=\"0 0 18.9 18.9\">\n                                        <path d=\"M9.99,0l1.37.2c7.05,1.44,9.96,10.14,5.11,15.52C11.25,21.51,1.8,18.87.2,11.36L0,9.99c.01-.37-.02-.74,0-1.11C.27,4.17,4.17.26,8.88,0h1.11ZM10.27,3.63c-1.93.02-1.85,2.73.03,2.7s1.85-2.72-.03-2.7ZM11.57,13.97c-.52.19-1.64.47-1.76-.32-.23-1.56,2.31-5.3-.15-6-.99-.29-1.97.13-2.88.49l-.18.68c1-.36,1.89-.47,1.69.9-.18,1.23-1.25,3.49-.79,4.59.43,1.02,1.87,1.03,2.77.75.15-.05,1.02-.36,1.09-.42.12-.1.12-.51.21-.66Z\"\/>\n                                    <\/svg>\n                                    <a href=\"#\" class=\"difficulty-trigger\">Informations sur la difficult\u00e9<\/a>\n                                <\/div>\n                                <div class=\"buttons\">\n                                                                            <a class=\"inscription_randonnee\" href=\"https:\/\/my.weezevent.com\/sejour-rando-3-au-4-aout-aiguille-de-la-grande-sassiere\" target=\"_blank\">Inscriptions<\/a>\n                                                                                                        <\/div>\n                            <\/article>\n                                                    <article class=\"card_randonnee\">\n                                                                    <img decoding=\"async\" class=\"card_thumbnail\" src=\"https:\/\/echappeesalpines.com\/wp-content\/uploads\/2023\/04\/Grand-Causses-et-Lozere.png\" alt=\"S\u00e9jour randonn\u00e9e &#8211; Grand Causses et Loz\u00e8re\">\n                                                                <header>\n                                    <div class=\"infos_pratiques_randonnee\">\n                                        <span class=\"date_randonnee\">Du 23 au 26 septembre 2025<\/span>\n                                        <span class=\"prix_randonnee\">550<\/span>\n                                    <\/div>\n                                    <h3 class=\"titre_randonnee\">S\u00e9jour randonn\u00e9e &#8211; Grand Causses et Loz\u00e8re<\/h3>\n                                                                            <p class=\"lieu_randonnee\">\n                                            <img decoding=\"async\" src=\"https:\/\/echappeesalpines.com\/wp-content\/plugins\/sejours-module\/images\/lieu.png\" alt=\"icone de lieu\" \/>\n                                            Causses - Gorges du Tarn                                        <\/p>\n                                                                    <\/header>\n                                <p class=\"description_randonnee\">Partez pendant 4 jours \u00e0 la d\u00e9couverte de villages, maisons, Gorges et vautours en plein coeur de la Loz\u00e8re et des Grands Causses.<\/p>\n                                <div class=\"niveaux_randonnee\">\n                                                                            <div class=\"niveau_randonne_icon_text level_2\">\n                                            <img decoding=\"async\" src=\"https:\/\/echappeesalpines.com\/wp-content\/plugins\/sejours-module\/images\/physique_niveau_deux.png\" alt=\"Niveau physique 2\">\n                                            <span>Randonn\u00e9e moyen<\/span>\n                                        <\/div>\n                                                                                                                <div class=\"niveau_randonne_icon_text level_2\">\n                                            <img decoding=\"async\" src=\"https:\/\/echappeesalpines.com\/wp-content\/plugins\/sejours-module\/images\/technicite_niveau_deux.png\" alt=\"Niveau technique 2\">\n                                            <span>Faiblement technique<\/span>\n                                        <\/div>\n                                                                                                                <div class=\"niveau_randonne_icon_text level_2\">\n                                            <img decoding=\"async\" src=\"https:\/\/echappeesalpines.com\/wp-content\/plugins\/sejours-module\/images\/danger_niveau_deux.png\" alt=\"Niveau danger 2\">\n                                            <span>Exposition l\u00e9g\u00e8re<\/span>\n                                        <\/div>\n                                                                    <\/div>\n                                <div class=\"info_link\">\n                                    <svg id=\"a\" xmlns=\"http:\/\/www.w3.org\/2000\/svg\" width=\"18.9\" height=\"18.9\" viewBox=\"0 0 18.9 18.9\">\n                                        <path d=\"M9.99,0l1.37.2c7.05,1.44,9.96,10.14,5.11,15.52C11.25,21.51,1.8,18.87.2,11.36L0,9.99c.01-.37-.02-.74,0-1.11C.27,4.17,4.17.26,8.88,0h1.11ZM10.27,3.63c-1.93.02-1.85,2.73.03,2.7s1.85-2.72-.03-2.7ZM11.57,13.97c-.52.19-1.64.47-1.76-.32-.23-1.56,2.31-5.3-.15-6-.99-.29-1.97.13-2.88.49l-.18.68c1-.36,1.89-.47,1.69.9-.18,1.23-1.25,3.49-.79,4.59.43,1.02,1.87,1.03,2.77.75.15-.05,1.02-.36,1.09-.42.12-.1.12-.51.21-.66Z\"\/>\n                                    <\/svg>\n                                    <a href=\"#\" class=\"difficulty-trigger\">Informations sur la difficult\u00e9<\/a>\n                                <\/div>\n                                <div class=\"buttons\">\n                                                                            <a class=\"inscription_randonnee\" href=\"https:\/\/my.weezevent.com\/sejour-grand-causses-et-lozere\" target=\"_blank\">Inscriptions<\/a>\n                                                                                                        <\/div>\n                            <\/article>\n                                                    <article class=\"card_randonnee\">\n                                                                    <img decoding=\"async\" class=\"card_thumbnail\" src=\"https:\/\/echappeesalpines.com\/wp-content\/uploads\/2024\/11\/image.jpg\" alt=\"S\u00e9jour randonn\u00e9e &#8211; Luberon : rando &#038; vendanges\">\n                                                                <header>\n                                    <div class=\"infos_pratiques_randonnee\">\n                                        <span class=\"date_randonnee\">Du 2 au 5 octobre 2025<\/span>\n                                        <span class=\"prix_randonnee\">450<\/span>\n                                    <\/div>\n                                    <h3 class=\"titre_randonnee\">S\u00e9jour randonn\u00e9e &#8211; Luberon : rando &#038; vendanges<\/h3>\n                                                                            <p class=\"lieu_randonnee\">\n                                            <img decoding=\"async\" src=\"https:\/\/echappeesalpines.com\/wp-content\/plugins\/sejours-module\/images\/lieu.png\" alt=\"icone de lieu\" \/>\n                                            Gordes                                        <\/p>\n                                                                    <\/header>\n                                <p class=\"description_randonnee\">Partez pendant 4 jours \u00e0 la d\u00e9couverte de villages, de canyons et panoramas sublimes en plein coeur du Luberon. Un riche terroir culinaire et culturel est \u00e0 d\u00e9couvrir, comme le travail du raisin pour la production de vin.<\/p>\n                                <div class=\"niveaux_randonnee\">\n                                                                            <div class=\"niveau_randonne_icon_text level_2\">\n                                            <img decoding=\"async\" src=\"https:\/\/echappeesalpines.com\/wp-content\/plugins\/sejours-module\/images\/physique_niveau_deux.png\" alt=\"Niveau physique 2\">\n                                            <span>Randonn\u00e9e moyen<\/span>\n                                        <\/div>\n                                                                                                                <div class=\"niveau_randonne_icon_text level_2\">\n                                            <img decoding=\"async\" src=\"https:\/\/echappeesalpines.com\/wp-content\/plugins\/sejours-module\/images\/technicite_niveau_deux.png\" alt=\"Niveau technique 2\">\n                                            <span>Faiblement technique<\/span>\n                                        <\/div>\n                                                                                                                <div class=\"niveau_randonne_icon_text level_2\">\n                                            <img decoding=\"async\" src=\"https:\/\/echappeesalpines.com\/wp-content\/plugins\/sejours-module\/images\/danger_niveau_deux.png\" alt=\"Niveau danger 2\">\n                                            <span>Exposition l\u00e9g\u00e8re<\/span>\n                                        <\/div>\n                                                                    <\/div>\n                                <div class=\"info_link\">\n                                    <svg id=\"a\" xmlns=\"http:\/\/www.w3.org\/2000\/svg\" width=\"18.9\" height=\"18.9\" viewBox=\"0 0 18.9 18.9\">\n                                        <path d=\"M9.99,0l1.37.2c7.05,1.44,9.96,10.14,5.11,15.52C11.25,21.51,1.8,18.87.2,11.36L0,9.99c.01-.37-.02-.74,0-1.11C.27,4.17,4.17.26,8.88,0h1.11ZM10.27,3.63c-1.93.02-1.85,2.73.03,2.7s1.85-2.72-.03-2.7ZM11.57,13.97c-.52.19-1.64.47-1.76-.32-.23-1.56,2.31-5.3-.15-6-.99-.29-1.97.13-2.88.49l-.18.68c1-.36,1.89-.47,1.69.9-.18,1.23-1.25,3.49-.79,4.59.43,1.02,1.87,1.03,2.77.75.15-.05,1.02-.36,1.09-.42.12-.1.12-.51.21-.66Z\"\/>\n                                    <\/svg>\n                                    <a href=\"#\" class=\"difficulty-trigger\">Informations sur la difficult\u00e9<\/a>\n                                <\/div>\n                                <div class=\"buttons\">\n                                                                            <a class=\"inscription_randonnee\" href=\"https:\/\/my.weezevent.com\/sejour-grand-causses-et-lozere\" target=\"_blank\">Inscriptions<\/a>\n                                                                                                        <\/div>\n                            <\/article>\n                                            <\/div>\n                <\/div>\n                    <\/section>\n        <div id=\"popup_difficulte\" class=\"modal hidden\">\n            <div class=\"modal-content\">\n                <span class=\"close-modal\">&times;<\/span>\n                <img decoding=\"async\" src=\"https:\/\/echappeesalpines.com\/wp-content\/plugins\/sejours-module\/images\/tableau_hivernal_physique.png\" alt=\"Tableau Hivernal Physique\">\n                <img decoding=\"async\" src=\"https:\/\/echappeesalpines.com\/wp-content\/plugins\/sejours-module\/images\/tableau_hivernal_terrain.png\" alt=\"Tableau Hivernal Terrain\">\n                <img decoding=\"async\" src=\"https:\/\/echappeesalpines.com\/wp-content\/plugins\/sejours-module\/images\/tableau_hivernal_risques.png\" alt=\"Tableau Hivernal Risque\">\n            <\/div>\n        <\/div>\n    <\/div>\n\t\t\t\t<\/div>\n\t\t\t\t<\/div>\n\t\t\t\t\t<\/div>\n\t\t\t\t<\/div>\n\t\t<div class=\"elementor-element elementor-element-838cd4a e-con-full e-flex parallax_section_no qode_elementor_container_no e-con e-parent\" data-id=\"838cd4a\" data-element_type=\"container\" data-settings=\"{&quot;background_background&quot;:&quot;classic&quot;,&quot;content_width&quot;:&quot;full&quot;}\" data-core-v316-plus=\"true\">\n\t\t<div class=\"elementor-element elementor-element-8c7254f e-flex e-con-boxed parallax_section_no qode_elementor_container_no e-con e-child\" data-id=\"8c7254f\" data-element_type=\"container\" data-settings=\"{&quot;background_background&quot;:&quot;classic&quot;,&quot;content_width&quot;:&quot;boxed&quot;}\">\n\t\t\t\t\t<div class=\"e-con-inner\">\n\t\t\t\t<div class=\"elementor-element elementor-element-8245827 elementor-widget elementor-widget-bridge_testimonials_carousel\" data-id=\"8245827\" data-element_type=\"widget\" data-widget_type=\"bridge_testimonials_carousel.default\">\n\t\t\t\t<div class=\"elementor-widget-container\">\n\t\t\t<div class='testimonials_c_holder clearfix '><div class=\"testimonials_c testimonials_c_carousel\" data-show-navigation=\"yes\" data-animation-speed=\"\" data-auto-rotate-slides=\"3\" data-number-per-slide=\"3\"><ul class=\"slides\"><li id=\"testimonials-c-110\" class=\"testimonial_content\"><div class=\"testimonial_content_inner\"><div class=\"testimonial_rating_holder\"><span class=\"testimonial_star_holder\"><span class=\"icon_star\"><\/span><\/span><span class=\"testimonial_star_holder\"><span class=\"icon_star\"><\/span><\/span><span class=\"testimonial_star_holder\"><span class=\"icon_star\"><\/span><\/span><span class=\"testimonial_star_holder\"><span class=\"icon_star\"><\/span><\/span><span class=\"testimonial_star_holder\"><span class=\"icon_star\"><\/span><\/span><\/div><div class=\"testimonial_text_holder\"><div class=\"testimonial_text_inner\" style=\"\"><p style='font-size:14px;'>Je collabore avec Antoine lors de sortie rando yoga aquarelle. Antoine est quelqu'un de tr\u00e8s professionnel qui parle avec passion de la montagne, de sa faune et sa flore. J le recommande pour vos sorties nature !<\/p><p class=\"testimonial_author\" style=\"font-weight: 400;\">Marion Devouassoux<\/p><\/div><\/div><\/div><\/li><li id=\"testimonials-c-97\" class=\"testimonial_content\"><div class=\"testimonial_content_inner\"><div class=\"testimonial_rating_holder\"><span class=\"testimonial_star_holder\"><span class=\"icon_star\"><\/span><\/span><span class=\"testimonial_star_holder\"><span class=\"icon_star\"><\/span><\/span><span class=\"testimonial_star_holder\"><span class=\"icon_star\"><\/span><\/span><span class=\"testimonial_star_holder\"><span class=\"icon_star\"><\/span><\/span><span class=\"testimonial_star_holder\"><span class=\"icon_star\"><\/span><\/span><\/div><div class=\"testimonial_text_holder\"><div class=\"testimonial_text_inner\" style=\"\"><p style='font-size:14px;'>Un grand merci \u00e0 Antoine pour l'organisation de cette tr\u00e8s chouette sortie raquette. Antoine est une personne tr\u00e8s \u00e0 l'\u00e9coute, calme qui sait prendre en compte les besoins de chacun au cours de la sortie. A cela, il fait \u00e9galement d\u00e9couvrir beaucoup choses sur la faune et la flore environnantes \ud83d\ude4f\r\nJe recommande les yeux ferm\u00e9s !<\/p><p class=\"testimonial_author\" style=\"font-weight: 400;\">Coline Botton <\/p><\/div><\/div><\/div><\/li><li id=\"testimonials-c-4478\" class=\"testimonial_content\"><div class=\"testimonial_content_inner\"><div class=\"testimonial_rating_holder\"><span class=\"testimonial_star_holder\"><span class=\"icon_star\"><\/span><\/span><span class=\"testimonial_star_holder\"><span class=\"icon_star\"><\/span><\/span><span class=\"testimonial_star_holder\"><span class=\"icon_star\"><\/span><\/span><span class=\"testimonial_star_holder\"><span class=\"icon_star\"><\/span><\/span><span class=\"testimonial_star_holder\"><span class=\"icon_star\"><\/span><\/span><\/div><div class=\"testimonial_text_holder\"><div class=\"testimonial_text_inner\" style=\"\"><p style='font-size:14px;'>Antoine est un super guide en montagne. D\u00e9couvertes d'itin\u00e9raires que je ne connaissais pas avec pleins d'informations sur la faune et la flore de nos montagnes. \u0152il de lynx, il rep\u00e8re tous les animaux sauvages des alentours et fait d\u00e9couvrir des plantes sauvages comestibles. Tout cela en s\u00e9curit\u00e9 et adapt\u00e9 au rythme et au besoin de chacun. Merci pour ces beaux partages !<\/p><p class=\"testimonial_author\" style=\"font-weight: 400;\">Doriane Mora<\/p><\/div><\/div><\/div><\/li><li id=\"testimonials-c-4476\" class=\"testimonial_content\"><div class=\"testimonial_content_inner\"><div class=\"testimonial_rating_holder\"><span class=\"testimonial_star_holder\"><span class=\"icon_star\"><\/span><\/span><span class=\"testimonial_star_holder\"><span class=\"icon_star\"><\/span><\/span><span class=\"testimonial_star_holder\"><span class=\"icon_star\"><\/span><\/span><span class=\"testimonial_star_holder\"><span class=\"icon_star\"><\/span><\/span><span class=\"testimonial_star_holder\"><span class=\"icon_star\"><\/span><\/span><\/div><div class=\"testimonial_text_holder\"><div class=\"testimonial_text_inner\" style=\"\"><p style='font-size:14px;'>Antoine a organis\u00e9 puis men\u00e9 une belle aventure en raquettes au sein des Contamines-montjoie ! Malgr\u00e9 des conditions difficiles, nous avons pass\u00e9 de superbes moments au milieu de la nature, en d\u00e9couvrant un site pr\u00e9serv\u00e9, avec une nuit en refuge, et des balades au sein de la for\u00eat enneig\u00e9e dans une ambiance bucolique. Je recommande fortement de faire appel \u00e0 ses services !<\/p><p class=\"testimonial_author\" style=\"font-weight: 400;\">Charles-edouard Payen<\/p><\/div><\/div><\/div><\/li><li id=\"testimonials-c-111\" class=\"testimonial_content\"><div class=\"testimonial_content_inner\"><div class=\"testimonial_rating_holder\"><span class=\"testimonial_star_holder\"><span class=\"icon_star\"><\/span><\/span><span class=\"testimonial_star_holder\"><span class=\"icon_star\"><\/span><\/span><span class=\"testimonial_star_holder\"><span class=\"icon_star\"><\/span><\/span><span class=\"testimonial_star_holder\"><span class=\"icon_star\"><\/span><\/span><span class=\"testimonial_star_holder\"><span class=\"icon_star\"><\/span><\/span><\/div><div class=\"testimonial_text_holder\"><div class=\"testimonial_text_inner\" style=\"\"><p style='font-size:14px;'>Merci Antoine pour cette randonn\u00e9e en raquette ! Antoine est patient, tr\u00e8s \u00e0 l'\u00e9coute et sait s'adapter au rythme de chacun. Je recommande !<\/p><p class=\"testimonial_author\" style=\"font-weight: 400;\">Aurore Magnier<\/p><\/div><\/div><\/div><\/li><\/ul><\/div><\/div>\t\t<\/div>\n\t\t\t\t<\/div>\n\t\t\t\t\t<\/div>\n\t\t\t\t<\/div>\n\t\t\t\t<\/div>\n\t\t<div class=\"elementor-element elementor-element-6502c87 e-con-full e-flex parallax_section_no qode_elementor_container_no e-con e-parent\" data-id=\"6502c87\" data-element_type=\"container\" data-settings=\"{&quot;content_width&quot;:&quot;full&quot;,&quot;background_background&quot;:&quot;classic&quot;}\" data-core-v316-plus=\"true\">\n\t\t<div class=\"elementor-element elementor-element-30704b3 e-con-full e-flex parallax_section_no qode_elementor_container_no e-con e-child\" data-id=\"30704b3\" data-element_type=\"container\" data-settings=\"{&quot;content_width&quot;:&quot;full&quot;}\">\n\t\t\t\t<div class=\"elementor-element elementor-element-b2c505d elementor-widget elementor-widget-heading\" data-id=\"b2c505d\" data-element_type=\"widget\" data-widget_type=\"heading.default\">\n\t\t\t\t<div class=\"elementor-widget-container\">\n\t\t\t<h5 class=\"elementor-heading-title elementor-size-default\">Une \u00e9chapp\u00e9e sur-mesure ?<\/h5>\t\t<\/div>\n\t\t\t\t<\/div>\n\t\t\t\t<div class=\"elementor-element elementor-element-fc1761e elementor-widget elementor-widget-bridge_button_v2\" data-id=\"fc1761e\" data-element_type=\"widget\" data-widget_type=\"bridge_button_v2.default\">\n\t\t\t\t<div class=\"elementor-widget-container\">\n\t\t\t\n\n\t<a href=\"mailto:contact@echappeesalpines.com\" target=\"_blank\" style=\"color: #DB8025;font-family: jost;font-size: 25px;font-weight: 700;text-transform: none\" class=\"qode-btn qode-btn-medium qode-btn-simple qode-btn-custom-hover-color qode-btn-icon\" data-hover-color=\"#FFFFFF\" >\n\t    <span class=\"qode-btn-text\">Contactez-moi<\/span><span class=\"qode-button-v2-icon-holder\" style=\"border-color: #FFFFFF00\" ><span aria-hidden=\"true\" class=\"qode_icon_font_elegant arrow_carrot-2right_alt qode-button-v2-icon-holder-inner\" ><\/span><\/span>\t<\/a>\n\n\t\t<\/div>\n\t\t\t\t<\/div>\n\t\t\t\t<\/div>\n\t\t\t\t<\/div>\n\t\t<div class=\"elementor-element elementor-element-02bdf39 e-con-full e-flex parallax_section_no qode_elementor_container_no e-con e-parent\" data-id=\"02bdf39\" data-element_type=\"container\" data-settings=\"{&quot;background_background&quot;:&quot;classic&quot;,&quot;content_width&quot;:&quot;full&quot;}\" data-core-v316-plus=\"true\">\n\t\t<div class=\"elementor-element elementor-element-a0c9660 e-flex e-con-boxed parallax_section_no qode_elementor_container_no e-con e-child\" data-id=\"a0c9660\" data-element_type=\"container\" data-settings=\"{&quot;content_width&quot;:&quot;boxed&quot;}\">\n\t\t\t\t\t<div class=\"e-con-inner\">\n\t\t\t\t<div class=\"elementor-element elementor-element-aeeb5e1 elementor-widget elementor-widget-heading\" data-id=\"aeeb5e1\" data-element_type=\"widget\" data-widget_type=\"heading.default\">\n\t\t\t\t<div class=\"elementor-widget-container\">\n\t\t\t<h1 class=\"elementor-heading-title elementor-size-default\">Suivez l'aventure<\/h1>\t\t<\/div>\n\t\t\t\t<\/div>\n\t\t\t\t<div class=\"elementor-element elementor-element-e30abbd elementor-widget elementor-widget-heading\" data-id=\"e30abbd\" data-element_type=\"widget\" data-widget_type=\"heading.default\">\n\t\t\t\t<div class=\"elementor-widget-container\">\n\t\t\t<h5 class=\"elementor-heading-title elementor-size-default\"><a href=\"https:\/\/www.instagram.com\/echappees_alpines\/\" target=\"_blank\">@echappees_alpines<\/a><\/h5>\t\t<\/div>\n\t\t\t\t<\/div>\n\t\t\t\t<div class=\"elementor-element elementor-element-e1ff73a elementor-widget elementor-widget-shortcode\" data-id=\"e1ff73a\" data-element_type=\"widget\" data-widget_type=\"shortcode.default\">\n\t\t\t\t<div class=\"elementor-widget-container\">\n\t\t\t\t\t<div class=\"elementor-shortcode\">\n<div id=\"sb_instagram\"  class=\"sbi sbi_mob_col_1 sbi_tab_col_2 sbi_col_4 sbi_width_resp\" style=\"padding-bottom: 10px;\" data-feedid=\"*1\"  data-res=\"auto\" data-cols=\"4\" data-colsmobile=\"1\" data-colstablet=\"2\" data-num=\"4\" data-nummobile=\"1\" data-item-padding=\"5\" data-shortcode-atts=\"{&quot;feed&quot;:&quot;1&quot;}\"  data-postid=\"111\" data-locatornonce=\"0821b9a7d0\" data-imageaspectratio=\"1:1\" data-sbi-flags=\"favorLocal\">\n\t\n    <div id=\"sbi_images\"  style=\"gap: 10px;\">\n\t\t<div class=\"sbi_item sbi_type_carousel sbi_new sbi_transition\" id=\"sbi_17850890592675924\" data-date=\"1777452998\">\n    <div class=\"sbi_photo_wrap\">\n        <a class=\"sbi_photo\" href=\"https:\/\/www.instagram.com\/p\/DXtayOkDDY5\/\" target=\"_blank\" rel=\"noopener nofollow\" data-full-res=\"https:\/\/scontent-bru2-1.cdninstagram.com\/v\/t51.82787-15\/684927257_17972827611042147_7493943489149141586_n.webp?stp=dst-jpg_e35_tt6&#038;_nc_cat=111&#038;ccb=7-5&#038;_nc_sid=18de74&#038;efg=eyJlZmdfdGFnIjoiQ0FST1VTRUxfSVRFTS5iZXN0X2ltYWdlX3VybGdlbi5DMyJ9&#038;_nc_ohc=3xc1bFAxcjMQ7kNvwGh4wRk&#038;_nc_oc=AdojWy8W8dZr6nIb77u5pAiNkA2gMXGmuTQQHaPLmHV33I91LY2uIKz22_TxDhxKExU&#038;_nc_zt=23&#038;_nc_ht=scontent-bru2-1.cdninstagram.com&#038;edm=ANo9K5cEAAAA&#038;_nc_gid=3k4pr2VWyf4JUkv2sh9UqA&#038;_nc_tpa=Q5bMBQFNsyKWFE30N6m_SixnpNKPoTU6GB5TQG_I613QH-BGWZewGLZvr8szXvBmWLVFkutf8h_jU7jZfg&#038;oh=00_Af0Bf7EdY1UZsubbKUfPtT0ggrd7DyfUsXowvGvTTuhLyw&#038;oe=69F7A4C6\" data-img-src-set=\"{&quot;d&quot;:&quot;https:\\\/\\\/scontent-bru2-1.cdninstagram.com\\\/v\\\/t51.82787-15\\\/684927257_17972827611042147_7493943489149141586_n.webp?stp=dst-jpg_e35_tt6&amp;_nc_cat=111&amp;ccb=7-5&amp;_nc_sid=18de74&amp;efg=eyJlZmdfdGFnIjoiQ0FST1VTRUxfSVRFTS5iZXN0X2ltYWdlX3VybGdlbi5DMyJ9&amp;_nc_ohc=3xc1bFAxcjMQ7kNvwGh4wRk&amp;_nc_oc=AdojWy8W8dZr6nIb77u5pAiNkA2gMXGmuTQQHaPLmHV33I91LY2uIKz22_TxDhxKExU&amp;_nc_zt=23&amp;_nc_ht=scontent-bru2-1.cdninstagram.com&amp;edm=ANo9K5cEAAAA&amp;_nc_gid=3k4pr2VWyf4JUkv2sh9UqA&amp;_nc_tpa=Q5bMBQFNsyKWFE30N6m_SixnpNKPoTU6GB5TQG_I613QH-BGWZewGLZvr8szXvBmWLVFkutf8h_jU7jZfg&amp;oh=00_Af0Bf7EdY1UZsubbKUfPtT0ggrd7DyfUsXowvGvTTuhLyw&amp;oe=69F7A4C6&quot;,&quot;150&quot;:&quot;https:\\\/\\\/scontent-bru2-1.cdninstagram.com\\\/v\\\/t51.82787-15\\\/684927257_17972827611042147_7493943489149141586_n.webp?stp=dst-jpg_e35_tt6&amp;_nc_cat=111&amp;ccb=7-5&amp;_nc_sid=18de74&amp;efg=eyJlZmdfdGFnIjoiQ0FST1VTRUxfSVRFTS5iZXN0X2ltYWdlX3VybGdlbi5DMyJ9&amp;_nc_ohc=3xc1bFAxcjMQ7kNvwGh4wRk&amp;_nc_oc=AdojWy8W8dZr6nIb77u5pAiNkA2gMXGmuTQQHaPLmHV33I91LY2uIKz22_TxDhxKExU&amp;_nc_zt=23&amp;_nc_ht=scontent-bru2-1.cdninstagram.com&amp;edm=ANo9K5cEAAAA&amp;_nc_gid=3k4pr2VWyf4JUkv2sh9UqA&amp;_nc_tpa=Q5bMBQFNsyKWFE30N6m_SixnpNKPoTU6GB5TQG_I613QH-BGWZewGLZvr8szXvBmWLVFkutf8h_jU7jZfg&amp;oh=00_Af0Bf7EdY1UZsubbKUfPtT0ggrd7DyfUsXowvGvTTuhLyw&amp;oe=69F7A4C6&quot;,&quot;320&quot;:&quot;https:\\\/\\\/scontent-bru2-1.cdninstagram.com\\\/v\\\/t51.82787-15\\\/684927257_17972827611042147_7493943489149141586_n.webp?stp=dst-jpg_e35_tt6&amp;_nc_cat=111&amp;ccb=7-5&amp;_nc_sid=18de74&amp;efg=eyJlZmdfdGFnIjoiQ0FST1VTRUxfSVRFTS5iZXN0X2ltYWdlX3VybGdlbi5DMyJ9&amp;_nc_ohc=3xc1bFAxcjMQ7kNvwGh4wRk&amp;_nc_oc=AdojWy8W8dZr6nIb77u5pAiNkA2gMXGmuTQQHaPLmHV33I91LY2uIKz22_TxDhxKExU&amp;_nc_zt=23&amp;_nc_ht=scontent-bru2-1.cdninstagram.com&amp;edm=ANo9K5cEAAAA&amp;_nc_gid=3k4pr2VWyf4JUkv2sh9UqA&amp;_nc_tpa=Q5bMBQFNsyKWFE30N6m_SixnpNKPoTU6GB5TQG_I613QH-BGWZewGLZvr8szXvBmWLVFkutf8h_jU7jZfg&amp;oh=00_Af0Bf7EdY1UZsubbKUfPtT0ggrd7DyfUsXowvGvTTuhLyw&amp;oe=69F7A4C6&quot;,&quot;640&quot;:&quot;https:\\\/\\\/scontent-bru2-1.cdninstagram.com\\\/v\\\/t51.82787-15\\\/684927257_17972827611042147_7493943489149141586_n.webp?stp=dst-jpg_e35_tt6&amp;_nc_cat=111&amp;ccb=7-5&amp;_nc_sid=18de74&amp;efg=eyJlZmdfdGFnIjoiQ0FST1VTRUxfSVRFTS5iZXN0X2ltYWdlX3VybGdlbi5DMyJ9&amp;_nc_ohc=3xc1bFAxcjMQ7kNvwGh4wRk&amp;_nc_oc=AdojWy8W8dZr6nIb77u5pAiNkA2gMXGmuTQQHaPLmHV33I91LY2uIKz22_TxDhxKExU&amp;_nc_zt=23&amp;_nc_ht=scontent-bru2-1.cdninstagram.com&amp;edm=ANo9K5cEAAAA&amp;_nc_gid=3k4pr2VWyf4JUkv2sh9UqA&amp;_nc_tpa=Q5bMBQFNsyKWFE30N6m_SixnpNKPoTU6GB5TQG_I613QH-BGWZewGLZvr8szXvBmWLVFkutf8h_jU7jZfg&amp;oh=00_Af0Bf7EdY1UZsubbKUfPtT0ggrd7DyfUsXowvGvTTuhLyw&amp;oe=69F7A4C6&quot;}\">\n            <span class=\"sbi-screenreader\">Un extrait des nombreux clich\u00e9s ornithologiques d<\/span>\n            <svg class=\"svg-inline--fa fa-clone fa-w-16 sbi_lightbox_carousel_icon\" aria-hidden=\"true\" aria-label=\"Clone\" data-fa-pro\u0192cessed=\"\" data-prefix=\"far\" data-icon=\"clone\" role=\"img\" xmlns=\"http:\/\/www.w3.org\/2000\/svg\" viewBox=\"0 0 512 512\">\n\t                <path fill=\"currentColor\" d=\"M464 0H144c-26.51 0-48 21.49-48 48v48H48c-26.51 0-48 21.49-48 48v320c0 26.51 21.49 48 48 48h320c26.51 0 48-21.49 48-48v-48h48c26.51 0 48-21.49 48-48V48c0-26.51-21.49-48-48-48zM362 464H54a6 6 0 0 1-6-6V150a6 6 0 0 1 6-6h42v224c0 26.51 21.49 48 48 48h224v42a6 6 0 0 1-6 6zm96-96H150a6 6 0 0 1-6-6V54a6 6 0 0 1 6-6h308a6 6 0 0 1 6 6v308a6 6 0 0 1-6 6z\"><\/path>\n\t            <\/svg>\t                    <img decoding=\"async\" src=\"https:\/\/echappeesalpines.com\/wp-content\/plugins\/instagram-feed\/img\/placeholder.png\" alt=\"Un extrait des nombreux clich\u00e9s ornithologiques de retour apr\u00e8s 15 jours d&#039;escapade en Espagne. \ud83d\udd2d\ud83e\udd7e\n Les b\u00eates \u00e0 plumes sont au rendez vous pour ce mois d&#039;avril ! \ud83c\udf38\ud83e\udd85\nLa suite prochainement... \u2600\ufe0f\ud83d\ude4f\n\n#oiseau #ornithology #migration\">\n        <\/a>\n    <\/div>\n<\/div><div class=\"sbi_item sbi_type_carousel sbi_new sbi_transition\" id=\"sbi_18204244048339844\" data-date=\"1776461494\">\n    <div class=\"sbi_photo_wrap\">\n        <a class=\"sbi_photo\" href=\"https:\/\/www.instagram.com\/p\/DXP3pCijtWk\/\" target=\"_blank\" rel=\"noopener nofollow\" data-full-res=\"https:\/\/scontent-bru2-1.cdninstagram.com\/v\/t51.82787-15\/670772662_17971211343042147_3791589185584877648_n.webp?stp=dst-jpg_e35_tt6&#038;_nc_cat=106&#038;ccb=7-5&#038;_nc_sid=18de74&#038;efg=eyJlZmdfdGFnIjoiQ0FST1VTRUxfSVRFTS5iZXN0X2ltYWdlX3VybGdlbi5DMyJ9&#038;_nc_ohc=3FaAuA0qUBAQ7kNvwFEDiiZ&#038;_nc_oc=AdrGWej_nbpPj_U2vTVtKjxWEsjm_4AcwsgjUC0nJ-0c_7ncPze_-zdnJfOnoGS2dMY&#038;_nc_zt=23&#038;_nc_ht=scontent-bru2-1.cdninstagram.com&#038;edm=ANo9K5cEAAAA&#038;_nc_gid=3k4pr2VWyf4JUkv2sh9UqA&#038;_nc_tpa=Q5bMBQEzW9wiDG9Txtf-Yrz-N18uM7Jpvzbq9oMM4VDk3JZCKNmQIUTW2dG4B4jLqMhXjzuS4R5bPpGpPw&#038;oh=00_Af1basFs8Ex_trwMFAAwbVNukFlAUr1fvpRMXV1cB30EsQ&#038;oe=69F7BB2C\" data-img-src-set=\"{&quot;d&quot;:&quot;https:\\\/\\\/scontent-bru2-1.cdninstagram.com\\\/v\\\/t51.82787-15\\\/670772662_17971211343042147_3791589185584877648_n.webp?stp=dst-jpg_e35_tt6&amp;_nc_cat=106&amp;ccb=7-5&amp;_nc_sid=18de74&amp;efg=eyJlZmdfdGFnIjoiQ0FST1VTRUxfSVRFTS5iZXN0X2ltYWdlX3VybGdlbi5DMyJ9&amp;_nc_ohc=3FaAuA0qUBAQ7kNvwFEDiiZ&amp;_nc_oc=AdrGWej_nbpPj_U2vTVtKjxWEsjm_4AcwsgjUC0nJ-0c_7ncPze_-zdnJfOnoGS2dMY&amp;_nc_zt=23&amp;_nc_ht=scontent-bru2-1.cdninstagram.com&amp;edm=ANo9K5cEAAAA&amp;_nc_gid=3k4pr2VWyf4JUkv2sh9UqA&amp;_nc_tpa=Q5bMBQEzW9wiDG9Txtf-Yrz-N18uM7Jpvzbq9oMM4VDk3JZCKNmQIUTW2dG4B4jLqMhXjzuS4R5bPpGpPw&amp;oh=00_Af1basFs8Ex_trwMFAAwbVNukFlAUr1fvpRMXV1cB30EsQ&amp;oe=69F7BB2C&quot;,&quot;150&quot;:&quot;https:\\\/\\\/scontent-bru2-1.cdninstagram.com\\\/v\\\/t51.82787-15\\\/670772662_17971211343042147_3791589185584877648_n.webp?stp=dst-jpg_e35_tt6&amp;_nc_cat=106&amp;ccb=7-5&amp;_nc_sid=18de74&amp;efg=eyJlZmdfdGFnIjoiQ0FST1VTRUxfSVRFTS5iZXN0X2ltYWdlX3VybGdlbi5DMyJ9&amp;_nc_ohc=3FaAuA0qUBAQ7kNvwFEDiiZ&amp;_nc_oc=AdrGWej_nbpPj_U2vTVtKjxWEsjm_4AcwsgjUC0nJ-0c_7ncPze_-zdnJfOnoGS2dMY&amp;_nc_zt=23&amp;_nc_ht=scontent-bru2-1.cdninstagram.com&amp;edm=ANo9K5cEAAAA&amp;_nc_gid=3k4pr2VWyf4JUkv2sh9UqA&amp;_nc_tpa=Q5bMBQEzW9wiDG9Txtf-Yrz-N18uM7Jpvzbq9oMM4VDk3JZCKNmQIUTW2dG4B4jLqMhXjzuS4R5bPpGpPw&amp;oh=00_Af1basFs8Ex_trwMFAAwbVNukFlAUr1fvpRMXV1cB30EsQ&amp;oe=69F7BB2C&quot;,&quot;320&quot;:&quot;https:\\\/\\\/scontent-bru2-1.cdninstagram.com\\\/v\\\/t51.82787-15\\\/670772662_17971211343042147_3791589185584877648_n.webp?stp=dst-jpg_e35_tt6&amp;_nc_cat=106&amp;ccb=7-5&amp;_nc_sid=18de74&amp;efg=eyJlZmdfdGFnIjoiQ0FST1VTRUxfSVRFTS5iZXN0X2ltYWdlX3VybGdlbi5DMyJ9&amp;_nc_ohc=3FaAuA0qUBAQ7kNvwFEDiiZ&amp;_nc_oc=AdrGWej_nbpPj_U2vTVtKjxWEsjm_4AcwsgjUC0nJ-0c_7ncPze_-zdnJfOnoGS2dMY&amp;_nc_zt=23&amp;_nc_ht=scontent-bru2-1.cdninstagram.com&amp;edm=ANo9K5cEAAAA&amp;_nc_gid=3k4pr2VWyf4JUkv2sh9UqA&amp;_nc_tpa=Q5bMBQEzW9wiDG9Txtf-Yrz-N18uM7Jpvzbq9oMM4VDk3JZCKNmQIUTW2dG4B4jLqMhXjzuS4R5bPpGpPw&amp;oh=00_Af1basFs8Ex_trwMFAAwbVNukFlAUr1fvpRMXV1cB30EsQ&amp;oe=69F7BB2C&quot;,&quot;640&quot;:&quot;https:\\\/\\\/scontent-bru2-1.cdninstagram.com\\\/v\\\/t51.82787-15\\\/670772662_17971211343042147_3791589185584877648_n.webp?stp=dst-jpg_e35_tt6&amp;_nc_cat=106&amp;ccb=7-5&amp;_nc_sid=18de74&amp;efg=eyJlZmdfdGFnIjoiQ0FST1VTRUxfSVRFTS5iZXN0X2ltYWdlX3VybGdlbi5DMyJ9&amp;_nc_ohc=3FaAuA0qUBAQ7kNvwFEDiiZ&amp;_nc_oc=AdrGWej_nbpPj_U2vTVtKjxWEsjm_4AcwsgjUC0nJ-0c_7ncPze_-zdnJfOnoGS2dMY&amp;_nc_zt=23&amp;_nc_ht=scontent-bru2-1.cdninstagram.com&amp;edm=ANo9K5cEAAAA&amp;_nc_gid=3k4pr2VWyf4JUkv2sh9UqA&amp;_nc_tpa=Q5bMBQEzW9wiDG9Txtf-Yrz-N18uM7Jpvzbq9oMM4VDk3JZCKNmQIUTW2dG4B4jLqMhXjzuS4R5bPpGpPw&amp;oh=00_Af1basFs8Ex_trwMFAAwbVNukFlAUr1fvpRMXV1cB30EsQ&amp;oe=69F7BB2C&quot;}\">\n            <span class=\"sbi-screenreader\">Le grand d\u00e9marrage de la saison printani\u00e8re de r<\/span>\n            <svg class=\"svg-inline--fa fa-clone fa-w-16 sbi_lightbox_carousel_icon\" aria-hidden=\"true\" aria-label=\"Clone\" data-fa-pro\u0192cessed=\"\" data-prefix=\"far\" data-icon=\"clone\" role=\"img\" xmlns=\"http:\/\/www.w3.org\/2000\/svg\" viewBox=\"0 0 512 512\">\n\t                <path fill=\"currentColor\" d=\"M464 0H144c-26.51 0-48 21.49-48 48v48H48c-26.51 0-48 21.49-48 48v320c0 26.51 21.49 48 48 48h320c26.51 0 48-21.49 48-48v-48h48c26.51 0 48-21.49 48-48V48c0-26.51-21.49-48-48-48zM362 464H54a6 6 0 0 1-6-6V150a6 6 0 0 1 6-6h42v224c0 26.51 21.49 48 48 48h224v42a6 6 0 0 1-6 6zm96-96H150a6 6 0 0 1-6-6V54a6 6 0 0 1 6-6h308a6 6 0 0 1 6 6v308a6 6 0 0 1-6 6z\"><\/path>\n\t            <\/svg>\t                    <img decoding=\"async\" src=\"https:\/\/echappeesalpines.com\/wp-content\/plugins\/instagram-feed\/img\/placeholder.png\" alt=\"Le grand d\u00e9marrage de la saison printani\u00e8re de rando est dans moins de 2 semaines alors n&#039;h\u00e9sitez plus \u00e0 me contacter pour plus d&#039;informations et inscriptions ! \ud83e\udd7e\nAu menu : de la rando loin des foules, o\u00f9 nous croiserons plus de Mouflons que d&#039;humains ! \ud83e\udd89\nUne d\u00e9connexion assur\u00e9e au programme de ces 5 jours d\u2019aventure ! En partenariat avec @annecyrandonature \u2600\ufe0f\ud83c\udf38\n\n#randonn\u00e9e #montagne #sejour\">\n        <\/a>\n    <\/div>\n<\/div><div class=\"sbi_item sbi_type_carousel sbi_new sbi_transition\" id=\"sbi_18371116813206029\" data-date=\"1775912698\">\n    <div class=\"sbi_photo_wrap\">\n        <a class=\"sbi_photo\" href=\"https:\/\/www.instagram.com\/p\/DW_g5U_jGGj\/\" target=\"_blank\" rel=\"noopener nofollow\" data-full-res=\"https:\/\/scontent-bru2-1.cdninstagram.com\/v\/t51.82787-15\/669861636_17970408495042147_7021204318242503652_n.webp?stp=dst-jpg_e35_tt6&#038;_nc_cat=109&#038;ccb=7-5&#038;_nc_sid=18de74&#038;efg=eyJlZmdfdGFnIjoiQ0FST1VTRUxfSVRFTS5iZXN0X2ltYWdlX3VybGdlbi5DMyJ9&#038;_nc_ohc=jr1AxGm7kIMQ7kNvwEES8Rq&#038;_nc_oc=AdoLQrd9zzlRbsq6Igh2zsNsXA56EykHLn7oHgx4QjE_IgBDZso5ZWmfj-AhgDalOc0&#038;_nc_zt=23&#038;_nc_ht=scontent-bru2-1.cdninstagram.com&#038;edm=ANo9K5cEAAAA&#038;_nc_gid=3k4pr2VWyf4JUkv2sh9UqA&#038;_nc_tpa=Q5bMBQEWht1LkU-PIPdlFN4HjQY3HvkGeuo8AHEPLaObr-xyl2Pl0vqeSpnD2h1WmyABYJGxQdyalXEV5A&#038;oh=00_Af0HSyjgsNjZ3SFoesImJPTKyrZgkusXEIxmiWD1YR1clw&#038;oe=69F7ACFA\" data-img-src-set=\"{&quot;d&quot;:&quot;https:\\\/\\\/scontent-bru2-1.cdninstagram.com\\\/v\\\/t51.82787-15\\\/669861636_17970408495042147_7021204318242503652_n.webp?stp=dst-jpg_e35_tt6&amp;_nc_cat=109&amp;ccb=7-5&amp;_nc_sid=18de74&amp;efg=eyJlZmdfdGFnIjoiQ0FST1VTRUxfSVRFTS5iZXN0X2ltYWdlX3VybGdlbi5DMyJ9&amp;_nc_ohc=jr1AxGm7kIMQ7kNvwEES8Rq&amp;_nc_oc=AdoLQrd9zzlRbsq6Igh2zsNsXA56EykHLn7oHgx4QjE_IgBDZso5ZWmfj-AhgDalOc0&amp;_nc_zt=23&amp;_nc_ht=scontent-bru2-1.cdninstagram.com&amp;edm=ANo9K5cEAAAA&amp;_nc_gid=3k4pr2VWyf4JUkv2sh9UqA&amp;_nc_tpa=Q5bMBQEWht1LkU-PIPdlFN4HjQY3HvkGeuo8AHEPLaObr-xyl2Pl0vqeSpnD2h1WmyABYJGxQdyalXEV5A&amp;oh=00_Af0HSyjgsNjZ3SFoesImJPTKyrZgkusXEIxmiWD1YR1clw&amp;oe=69F7ACFA&quot;,&quot;150&quot;:&quot;https:\\\/\\\/scontent-bru2-1.cdninstagram.com\\\/v\\\/t51.82787-15\\\/669861636_17970408495042147_7021204318242503652_n.webp?stp=dst-jpg_e35_tt6&amp;_nc_cat=109&amp;ccb=7-5&amp;_nc_sid=18de74&amp;efg=eyJlZmdfdGFnIjoiQ0FST1VTRUxfSVRFTS5iZXN0X2ltYWdlX3VybGdlbi5DMyJ9&amp;_nc_ohc=jr1AxGm7kIMQ7kNvwEES8Rq&amp;_nc_oc=AdoLQrd9zzlRbsq6Igh2zsNsXA56EykHLn7oHgx4QjE_IgBDZso5ZWmfj-AhgDalOc0&amp;_nc_zt=23&amp;_nc_ht=scontent-bru2-1.cdninstagram.com&amp;edm=ANo9K5cEAAAA&amp;_nc_gid=3k4pr2VWyf4JUkv2sh9UqA&amp;_nc_tpa=Q5bMBQEWht1LkU-PIPdlFN4HjQY3HvkGeuo8AHEPLaObr-xyl2Pl0vqeSpnD2h1WmyABYJGxQdyalXEV5A&amp;oh=00_Af0HSyjgsNjZ3SFoesImJPTKyrZgkusXEIxmiWD1YR1clw&amp;oe=69F7ACFA&quot;,&quot;320&quot;:&quot;https:\\\/\\\/scontent-bru2-1.cdninstagram.com\\\/v\\\/t51.82787-15\\\/669861636_17970408495042147_7021204318242503652_n.webp?stp=dst-jpg_e35_tt6&amp;_nc_cat=109&amp;ccb=7-5&amp;_nc_sid=18de74&amp;efg=eyJlZmdfdGFnIjoiQ0FST1VTRUxfSVRFTS5iZXN0X2ltYWdlX3VybGdlbi5DMyJ9&amp;_nc_ohc=jr1AxGm7kIMQ7kNvwEES8Rq&amp;_nc_oc=AdoLQrd9zzlRbsq6Igh2zsNsXA56EykHLn7oHgx4QjE_IgBDZso5ZWmfj-AhgDalOc0&amp;_nc_zt=23&amp;_nc_ht=scontent-bru2-1.cdninstagram.com&amp;edm=ANo9K5cEAAAA&amp;_nc_gid=3k4pr2VWyf4JUkv2sh9UqA&amp;_nc_tpa=Q5bMBQEWht1LkU-PIPdlFN4HjQY3HvkGeuo8AHEPLaObr-xyl2Pl0vqeSpnD2h1WmyABYJGxQdyalXEV5A&amp;oh=00_Af0HSyjgsNjZ3SFoesImJPTKyrZgkusXEIxmiWD1YR1clw&amp;oe=69F7ACFA&quot;,&quot;640&quot;:&quot;https:\\\/\\\/scontent-bru2-1.cdninstagram.com\\\/v\\\/t51.82787-15\\\/669861636_17970408495042147_7021204318242503652_n.webp?stp=dst-jpg_e35_tt6&amp;_nc_cat=109&amp;ccb=7-5&amp;_nc_sid=18de74&amp;efg=eyJlZmdfdGFnIjoiQ0FST1VTRUxfSVRFTS5iZXN0X2ltYWdlX3VybGdlbi5DMyJ9&amp;_nc_ohc=jr1AxGm7kIMQ7kNvwEES8Rq&amp;_nc_oc=AdoLQrd9zzlRbsq6Igh2zsNsXA56EykHLn7oHgx4QjE_IgBDZso5ZWmfj-AhgDalOc0&amp;_nc_zt=23&amp;_nc_ht=scontent-bru2-1.cdninstagram.com&amp;edm=ANo9K5cEAAAA&amp;_nc_gid=3k4pr2VWyf4JUkv2sh9UqA&amp;_nc_tpa=Q5bMBQEWht1LkU-PIPdlFN4HjQY3HvkGeuo8AHEPLaObr-xyl2Pl0vqeSpnD2h1WmyABYJGxQdyalXEV5A&amp;oh=00_Af0HSyjgsNjZ3SFoesImJPTKyrZgkusXEIxmiWD1YR1clw&amp;oe=69F7ACFA&quot;}\">\n            <span class=\"sbi-screenreader\">Apr\u00e8s un mois d&#039;activit\u00e9 nouvelle en partenariat<\/span>\n            <svg class=\"svg-inline--fa fa-clone fa-w-16 sbi_lightbox_carousel_icon\" aria-hidden=\"true\" aria-label=\"Clone\" data-fa-pro\u0192cessed=\"\" data-prefix=\"far\" data-icon=\"clone\" role=\"img\" xmlns=\"http:\/\/www.w3.org\/2000\/svg\" viewBox=\"0 0 512 512\">\n\t                <path fill=\"currentColor\" d=\"M464 0H144c-26.51 0-48 21.49-48 48v48H48c-26.51 0-48 21.49-48 48v320c0 26.51 21.49 48 48 48h320c26.51 0 48-21.49 48-48v-48h48c26.51 0 48-21.49 48-48V48c0-26.51-21.49-48-48-48zM362 464H54a6 6 0 0 1-6-6V150a6 6 0 0 1 6-6h42v224c0 26.51 21.49 48 48 48h224v42a6 6 0 0 1-6 6zm96-96H150a6 6 0 0 1-6-6V54a6 6 0 0 1 6-6h308a6 6 0 0 1 6 6v308a6 6 0 0 1-6 6z\"><\/path>\n\t            <\/svg>\t                    <img decoding=\"async\" src=\"https:\/\/echappeesalpines.com\/wp-content\/plugins\/instagram-feed\/img\/placeholder.png\" alt=\"Apr\u00e8s un mois d&#039;activit\u00e9 nouvelle en partenariat avec @annecyrandonature : Les balades ornitho ! \ud83e\udd85\nParce que les oiseaux sont incroyablement beaux et qu\u2019il y a milles histoires \u00e0 apprendre pour mieux les conna\u00eetre et les prot\u00e9ger, voici un petit bilan et clich\u00e9s des belles sorties r\u00e9alis\u00e9es ! \ud83c\udf38\nNous avons eu la chance de voir et t&#039;entendre pas moins de 42 esp\u00e8ces d&#039;oiseaux sur le mois de Mars ! Une belle et riche diversit\u00e9 pour ce mois de transition entre d\u00e9part et retour de migration ! Les \u00e9changes et le plaisir de partager ces moments hebdomadaires en nature sont toujours aussi enrichissant ! \ud83d\ude4c\nQuelques noms d&#039;esp\u00e8ces qui ont retenu particuli\u00e8rement notre attention !\n\nBouvreuil Pivoine\nSarcelle d&#039;\u00e9t\u00e9\nGrand Cormoran\nChev\u00eache d\u2019Athena \nMilan Royal\nBruant Zizi\nRoitelet triple bandeau\nEffraie des Clochers\nVerdier d&#039;Europe\n\n...et beaucoup d\u2019autres !\n\nActivit\u00e9s \u00e0 suivre sur tout le printemps et l&#039;automne pour la migration de retour ! Plus d&#039;informations par message \u2139\ufe0f\n\n#randonn\u00e9e #oiseau #nature\">\n        <\/a>\n    <\/div>\n<\/div><div class=\"sbi_item sbi_type_carousel sbi_new sbi_transition\" id=\"sbi_18094599868990078\" data-date=\"1773296845\">\n    <div class=\"sbi_photo_wrap\">\n        <a class=\"sbi_photo\" href=\"https:\/\/www.instagram.com\/p\/DVxjjWRDG8k\/\" target=\"_blank\" rel=\"noopener nofollow\" data-full-res=\"https:\/\/scontent-bru2-1.cdninstagram.com\/v\/t51.82787-15\/650105448_17966304240042147_7745696299706832685_n.webp?stp=dst-jpg_e35_tt6&#038;_nc_cat=105&#038;ccb=7-5&#038;_nc_sid=18de74&#038;efg=eyJlZmdfdGFnIjoiQ0FST1VTRUxfSVRFTS5iZXN0X2ltYWdlX3VybGdlbi5DMyJ9&#038;_nc_ohc=MqxjWtvnJxoQ7kNvwFmN68-&#038;_nc_oc=AdpcYCFzlyYi8gP5i3fkoTYUueKm6IURN14JGR4Y7WN1FfJPzWtG5XUIJ2DcLCKXoxU&#038;_nc_zt=23&#038;_nc_ht=scontent-bru2-1.cdninstagram.com&#038;edm=ANo9K5cEAAAA&#038;_nc_gid=3k4pr2VWyf4JUkv2sh9UqA&#038;_nc_tpa=Q5bMBQF9k2KoyKYu17pvKw_4ApIve5rjDyBUnBPwQdt0CG3_hzK6PmOsTYBBOS8NDOjPb2i9mlruMjLOsQ&#038;oh=00_Af3VLib_9z2As_m4rGnYL1n7-wgJcMJjQP0m_OJKTJNJgA&#038;oe=69F79DAF\" data-img-src-set=\"{&quot;d&quot;:&quot;https:\\\/\\\/scontent-bru2-1.cdninstagram.com\\\/v\\\/t51.82787-15\\\/650105448_17966304240042147_7745696299706832685_n.webp?stp=dst-jpg_e35_tt6&amp;_nc_cat=105&amp;ccb=7-5&amp;_nc_sid=18de74&amp;efg=eyJlZmdfdGFnIjoiQ0FST1VTRUxfSVRFTS5iZXN0X2ltYWdlX3VybGdlbi5DMyJ9&amp;_nc_ohc=MqxjWtvnJxoQ7kNvwFmN68-&amp;_nc_oc=AdpcYCFzlyYi8gP5i3fkoTYUueKm6IURN14JGR4Y7WN1FfJPzWtG5XUIJ2DcLCKXoxU&amp;_nc_zt=23&amp;_nc_ht=scontent-bru2-1.cdninstagram.com&amp;edm=ANo9K5cEAAAA&amp;_nc_gid=3k4pr2VWyf4JUkv2sh9UqA&amp;_nc_tpa=Q5bMBQF9k2KoyKYu17pvKw_4ApIve5rjDyBUnBPwQdt0CG3_hzK6PmOsTYBBOS8NDOjPb2i9mlruMjLOsQ&amp;oh=00_Af3VLib_9z2As_m4rGnYL1n7-wgJcMJjQP0m_OJKTJNJgA&amp;oe=69F79DAF&quot;,&quot;150&quot;:&quot;https:\\\/\\\/scontent-bru2-1.cdninstagram.com\\\/v\\\/t51.82787-15\\\/650105448_17966304240042147_7745696299706832685_n.webp?stp=dst-jpg_e35_tt6&amp;_nc_cat=105&amp;ccb=7-5&amp;_nc_sid=18de74&amp;efg=eyJlZmdfdGFnIjoiQ0FST1VTRUxfSVRFTS5iZXN0X2ltYWdlX3VybGdlbi5DMyJ9&amp;_nc_ohc=MqxjWtvnJxoQ7kNvwFmN68-&amp;_nc_oc=AdpcYCFzlyYi8gP5i3fkoTYUueKm6IURN14JGR4Y7WN1FfJPzWtG5XUIJ2DcLCKXoxU&amp;_nc_zt=23&amp;_nc_ht=scontent-bru2-1.cdninstagram.com&amp;edm=ANo9K5cEAAAA&amp;_nc_gid=3k4pr2VWyf4JUkv2sh9UqA&amp;_nc_tpa=Q5bMBQF9k2KoyKYu17pvKw_4ApIve5rjDyBUnBPwQdt0CG3_hzK6PmOsTYBBOS8NDOjPb2i9mlruMjLOsQ&amp;oh=00_Af3VLib_9z2As_m4rGnYL1n7-wgJcMJjQP0m_OJKTJNJgA&amp;oe=69F79DAF&quot;,&quot;320&quot;:&quot;https:\\\/\\\/scontent-bru2-1.cdninstagram.com\\\/v\\\/t51.82787-15\\\/650105448_17966304240042147_7745696299706832685_n.webp?stp=dst-jpg_e35_tt6&amp;_nc_cat=105&amp;ccb=7-5&amp;_nc_sid=18de74&amp;efg=eyJlZmdfdGFnIjoiQ0FST1VTRUxfSVRFTS5iZXN0X2ltYWdlX3VybGdlbi5DMyJ9&amp;_nc_ohc=MqxjWtvnJxoQ7kNvwFmN68-&amp;_nc_oc=AdpcYCFzlyYi8gP5i3fkoTYUueKm6IURN14JGR4Y7WN1FfJPzWtG5XUIJ2DcLCKXoxU&amp;_nc_zt=23&amp;_nc_ht=scontent-bru2-1.cdninstagram.com&amp;edm=ANo9K5cEAAAA&amp;_nc_gid=3k4pr2VWyf4JUkv2sh9UqA&amp;_nc_tpa=Q5bMBQF9k2KoyKYu17pvKw_4ApIve5rjDyBUnBPwQdt0CG3_hzK6PmOsTYBBOS8NDOjPb2i9mlruMjLOsQ&amp;oh=00_Af3VLib_9z2As_m4rGnYL1n7-wgJcMJjQP0m_OJKTJNJgA&amp;oe=69F79DAF&quot;,&quot;640&quot;:&quot;https:\\\/\\\/scontent-bru2-1.cdninstagram.com\\\/v\\\/t51.82787-15\\\/650105448_17966304240042147_7745696299706832685_n.webp?stp=dst-jpg_e35_tt6&amp;_nc_cat=105&amp;ccb=7-5&amp;_nc_sid=18de74&amp;efg=eyJlZmdfdGFnIjoiQ0FST1VTRUxfSVRFTS5iZXN0X2ltYWdlX3VybGdlbi5DMyJ9&amp;_nc_ohc=MqxjWtvnJxoQ7kNvwFmN68-&amp;_nc_oc=AdpcYCFzlyYi8gP5i3fkoTYUueKm6IURN14JGR4Y7WN1FfJPzWtG5XUIJ2DcLCKXoxU&amp;_nc_zt=23&amp;_nc_ht=scontent-bru2-1.cdninstagram.com&amp;edm=ANo9K5cEAAAA&amp;_nc_gid=3k4pr2VWyf4JUkv2sh9UqA&amp;_nc_tpa=Q5bMBQF9k2KoyKYu17pvKw_4ApIve5rjDyBUnBPwQdt0CG3_hzK6PmOsTYBBOS8NDOjPb2i9mlruMjLOsQ&amp;oh=00_Af3VLib_9z2As_m4rGnYL1n7-wgJcMJjQP0m_OJKTJNJgA&amp;oe=69F79DAF&quot;}\">\n            <span class=\"sbi-screenreader\">Le retour du soleil et l&#039;approche du printemps vou<\/span>\n            <svg class=\"svg-inline--fa fa-clone fa-w-16 sbi_lightbox_carousel_icon\" aria-hidden=\"true\" aria-label=\"Clone\" data-fa-pro\u0192cessed=\"\" data-prefix=\"far\" data-icon=\"clone\" role=\"img\" xmlns=\"http:\/\/www.w3.org\/2000\/svg\" viewBox=\"0 0 512 512\">\n\t                <path fill=\"currentColor\" d=\"M464 0H144c-26.51 0-48 21.49-48 48v48H48c-26.51 0-48 21.49-48 48v320c0 26.51 21.49 48 48 48h320c26.51 0 48-21.49 48-48v-48h48c26.51 0 48-21.49 48-48V48c0-26.51-21.49-48-48-48zM362 464H54a6 6 0 0 1-6-6V150a6 6 0 0 1 6-6h42v224c0 26.51 21.49 48 48 48h224v42a6 6 0 0 1-6 6zm96-96H150a6 6 0 0 1-6-6V54a6 6 0 0 1 6-6h308a6 6 0 0 1 6 6v308a6 6 0 0 1-6 6z\"><\/path>\n\t            <\/svg>\t                    <img decoding=\"async\" src=\"https:\/\/echappeesalpines.com\/wp-content\/plugins\/instagram-feed\/img\/placeholder.png\" alt=\"Le retour du soleil et l&#039;approche du printemps vous donne envie d\u2019aventure rando ensoleill\u00e9e ? Alors cette escapade dans le Haut Languedoc est faite pour vous ! \u2600\ufe0f\n5 jours de d\u00e9connexion aux influences m\u00e9dit\u00e9rann\u00e9ennes : entre lac du Salagou, Cirque de Mour\u00e8ze, Gorges de la Colombi\u00e8re et massif du Caroux ! \ud83c\udfde\nPlus d&#039;informations et inscriptions en priv\u00e9e, ne tardez pas il ne reste plus que 4 places ! \ud83e\udd7e\nEn collaboration avec @annecyrandonature\">\n        <\/a>\n    <\/div>\n<\/div>    <\/div>\n\n\t<div id=\"sbi_load\" >\n\n\t\n\t\n<\/div>\n\n\t    <span class=\"sbi_resized_image_data\" data-feed-id=\"*1\" data-resized=\"{&quot;18094599868990078&quot;:{&quot;id&quot;:&quot;650105448_17966304240042147_7745696299706832685_n&quot;,&quot;ratio&quot;:&quot;0.75&quot;,&quot;sizes&quot;:{&quot;full&quot;:640,&quot;low&quot;:320,&quot;thumb&quot;:150},&quot;extension&quot;:&quot;.webp&quot;},&quot;18371116813206029&quot;:{&quot;id&quot;:&quot;669861636_17970408495042147_7021204318242503652_n&quot;,&quot;ratio&quot;:&quot;1.00&quot;,&quot;sizes&quot;:{&quot;full&quot;:640,&quot;low&quot;:320,&quot;thumb&quot;:150},&quot;extension&quot;:&quot;.webp&quot;},&quot;18204244048339844&quot;:{&quot;id&quot;:&quot;670772662_17971211343042147_3791589185584877648_n&quot;,&quot;ratio&quot;:&quot;0.75&quot;,&quot;sizes&quot;:{&quot;full&quot;:640,&quot;low&quot;:320,&quot;thumb&quot;:150},&quot;extension&quot;:&quot;.webp&quot;},&quot;17850890592675924&quot;:{&quot;id&quot;:&quot;684927257_17972827611042147_7493943489149141586_n&quot;,&quot;ratio&quot;:&quot;1.00&quot;,&quot;sizes&quot;:{&quot;full&quot;:640,&quot;low&quot;:320,&quot;thumb&quot;:150},&quot;extension&quot;:&quot;.webp&quot;}}\">\n\t<\/span>\n\t<\/div>\n\n<\/div>\n\t\t\t\t<\/div>\n\t\t\t\t<\/div>\n\t\t\t\t\t<\/div>\n\t\t\t\t<\/div>\n\t\t<div class=\"elementor-element elementor-element-2e7948c e-flex e-con-boxed parallax_section_no qode_elementor_container_no e-con e-child\" data-id=\"2e7948c\" data-element_type=\"container\" data-settings=\"{&quot;content_width&quot;:&quot;boxed&quot;}\">\n\t\t\t\t\t<div class=\"e-con-inner\">\n\t\t\t\t<div class=\"elementor-element elementor-element-ed7fd84 elementor-widget elementor-widget-heading\" data-id=\"ed7fd84\" data-element_type=\"widget\" data-widget_type=\"heading.default\">\n\t\t\t\t<div class=\"elementor-widget-container\">\n\t\t\t<h1 class=\"elementor-heading-title elementor-size-default\">Me contacter<\/h1>\t\t<\/div>\n\t\t\t\t<\/div>\n\t\t\t\t<div class=\"elementor-element elementor-element-28f483d elementor-widget elementor-widget-heading\" data-id=\"28f483d\" data-element_type=\"widget\" data-widget_type=\"heading.default\">\n\t\t\t\t<div class=\"elementor-widget-container\">\n\t\t\t<h5 class=\"elementor-heading-title elementor-size-default\"><a href=\"mailto:contact@echappeesalpines.com\" target=\"_blank\">contact@echappeesalpines.com<\/a><\/h5>\t\t<\/div>\n\t\t\t\t<\/div>\n\t\t\t\t<div class=\"elementor-element elementor-element-62127cb elementor-widget elementor-widget-heading\" data-id=\"62127cb\" data-element_type=\"widget\" data-widget_type=\"heading.default\">\n\t\t\t\t<div class=\"elementor-widget-container\">\n\t\t\t<h5 class=\"elementor-heading-title elementor-size-default\">+33 (0)6 50 50 59 46<\/h5>\t\t<\/div>\n\t\t\t\t<\/div>\n\t\t\t\t\t<\/div>\n\t\t\t\t<\/div>\n\t\t\t\t<\/div>\n\t\t<div class=\"elementor-element elementor-element-11065bf e-con-full e-flex parallax_section_no qode_elementor_container_no e-con e-parent\" data-id=\"11065bf\" data-element_type=\"container\" data-settings=\"{&quot;background_background&quot;:&quot;classic&quot;,&quot;content_width&quot;:&quot;full&quot;}\" data-core-v316-plus=\"true\">\n\t\t<div class=\"elementor-element elementor-element-546f4e7 e-con-full e-flex parallax_section_no qode_elementor_container_no e-con e-child\" data-id=\"546f4e7\" data-element_type=\"container\" data-settings=\"{&quot;content_width&quot;:&quot;full&quot;}\">\n\t\t\t\t<div class=\"elementor-element elementor-element-9d92e32 elementor-widget elementor-widget-shortcode\" data-id=\"9d92e32\" data-element_type=\"widget\" data-widget_type=\"shortcode.default\">\n\t\t\t\t<div class=\"elementor-widget-container\">\n\t\t\t\t\t<div class=\"elementor-shortcode\">\n<div data-elementor-type=\"container\" data-elementor-id=\"3902\" class=\"elementor elementor-3902\">\n<div class=\"elementor-element elementor-element-b0c802f e-flex e-con-boxed parallax_section_no qode_elementor_container_no e-con e-parent\" data-id=\"b0c802f\" data-element_type=\"container\" data-settings=\"{&quot;background_background&quot;:&quot;classic&quot;,&quot;shape_divider_bottom&quot;:&quot;split&quot;,&quot;content_width&quot;:&quot;boxed&quot;}\" data-core-v316-plus=\"true\">\n<div class=\"e-con-inner\">\n<div class=\"elementor-shape elementor-shape-bottom\" data-negative=\"false\">\n\t\t\t<svg xmlns=\"http:\/\/www.w3.org\/2000\/svg\" viewBox=\"0 0 1000 20\" preserveAspectRatio=\"none\">\n\t<path class=\"elementor-shape-fill\" d=\"M0,0v3c0,0,393.8,0,483.4,0c9.2,0,16.6,7.4,16.6,16.6c0-9.1,7.4-16.6,16.6-16.6C606.2,3,1000,3,1000,3V0H0z\"\/>\n<\/svg>\t\t<\/div>\n<div class=\"elementor-element elementor-element-b2b79d2 e-con-full e-flex parallax_section_no qode_elementor_container_no e-con e-child\" data-id=\"b2b79d2\" data-element_type=\"container\" data-settings=\"{&quot;content_width&quot;:&quot;full&quot;}\">\n<div class=\"elementor-element elementor-element-9fb989b elementor-widget elementor-widget-image\" data-id=\"9fb989b\" data-element_type=\"widget\" data-widget_type=\"image.default\">\n<div class=\"elementor-widget-container\">\n\t\t\t\t\t\t\t\t\t\t\t\t\t\t\t<img fetchpriority=\"high\" fetchpriority=\"high\" decoding=\"async\" width=\"271\" height=\"300\" src=\"https:\/\/echappeesalpines.com\/wp-content\/uploads\/2024\/02\/aigle-271x300.png\" class=\"attachment-medium size-medium wp-image-4502\" alt=\"\" srcset=\"https:\/\/echappeesalpines.com\/wp-content\/uploads\/2024\/02\/aigle-271x300.png 271w, https:\/\/echappeesalpines.com\/wp-content\/uploads\/2024\/02\/aigle.png 405w\" sizes=\"(max-width: 271px) 100vw, 271px\" \/>\t\t\t\t\t\t\t\t\t\t\t\t\t\t\t<\/div><\/div><\/div>\n<div class=\"elementor-element elementor-element-815f1fb e-con-full e-flex parallax_section_no qode_elementor_container_no e-con e-child\" data-id=\"815f1fb\" data-element_type=\"container\" data-settings=\"{&quot;content_width&quot;:&quot;full&quot;}\">\n<div class=\"elementor-element elementor-element-ee70468 elementor-widget elementor-widget-bridge_button_v2\" data-id=\"ee70468\" data-element_type=\"widget\" data-widget_type=\"bridge_button_v2.default\">\n<div class=\"elementor-widget-container\">\n<p>\t<a href=\"http:\/\/echappeesalpines.com\/index.php\/inscription-newsletter\/\" target=\"_blank\" style=\"color: #DB8025;font-family: jost;font-size: 23px;font-weight: 700;text-transform: none\" class=\"qode-btn qode-btn-medium qode-btn-simple qode-btn-custom-hover-color qode-btn-icon\" data-hover-color=\"#DB8025\" ><br \/>\n\t    <span class=\"qode-btn-text\">S&#039;inscrire \u00e0 la newsletter<\/span><span class=\"qode-button-v2-icon-holder\" style=\"border-color: #FFFFFF00\" ><span aria-hidden=\"true\" class=\"qode_icon_font_elegant arrow_carrot-2right_alt qode-button-v2-icon-holder-inner\" ><\/span><\/span>\t<\/a><\/p><\/div><\/div><\/div>\n<div class=\"elementor-element elementor-element-6586819 e-con-full e-flex parallax_section_no qode_elementor_container_no e-con e-child\" data-id=\"6586819\" data-element_type=\"container\" data-settings=\"{&quot;content_width&quot;:&quot;full&quot;}\">\n<div class=\"elementor-element elementor-element-6ddef25 elementor-widget elementor-widget-text-editor\" data-id=\"6ddef25\" data-element_type=\"widget\" data-widget_type=\"text-editor.default\">\n<div class=\"elementor-widget-container\">\n<p><a href=\"https:\/\/www.facebook.com\/profile.php?id=61550745821440\" target=\"_blank\" rel=\"noopener\"><img decoding=\"async\" class=\"alignnone wp-image-4503\" src=\"http:\/\/echappeesalpines.com\/wp-content\/uploads\/2024\/02\/facebook.png\" alt=\"\" width=\"37\" height=\"37\" srcset=\"https:\/\/echappeesalpines.com\/wp-content\/uploads\/2024\/02\/facebook-150x150.png 150w, https:\/\/echappeesalpines.com\/wp-content\/uploads\/2024\/02\/facebook.png 156w\" sizes=\"(max-width: 37px) 100vw, 37px\" \/><\/a>\u00a0<a href=\"https:\/\/www.instagram.com\/echappees_alpines\/\" target=\"_blank\" rel=\"noopener\"><img decoding=\"async\" class=\"alignnone wp-image-4504\" src=\"http:\/\/echappeesalpines.com\/wp-content\/uploads\/2024\/02\/insta.png\" alt=\"\" width=\"37\" height=\"37\" srcset=\"https:\/\/echappeesalpines.com\/wp-content\/uploads\/2024\/02\/insta-150x150.png 150w, https:\/\/echappeesalpines.com\/wp-content\/uploads\/2024\/02\/insta.png 156w\" sizes=\"(max-width: 37px) 100vw, 37px\" \/><\/a> <a href=\"https:\/\/www.linkedin.com\/in\/michaudetantoine\/\" target=\"_blank\" rel=\"noopener\"><img loading=\"lazy\" loading=\"lazy\" decoding=\"async\" class=\"alignnone wp-image-4505\" src=\"http:\/\/echappeesalpines.com\/wp-content\/uploads\/2024\/02\/linkedin.png\" alt=\"\" width=\"37\" height=\"37\" srcset=\"https:\/\/echappeesalpines.com\/wp-content\/uploads\/2024\/02\/linkedin-150x150.png 150w, https:\/\/echappeesalpines.com\/wp-content\/uploads\/2024\/02\/linkedin.png 156w\" sizes=\"auto, (max-width: 37px) 100vw, 37px\" \/><\/a><\/p>\n<\/p><\/div><\/div><\/div><\/div><\/div>\n<div class=\"elementor-element elementor-element-65617ab e-con-full e-flex parallax_section_no qode_elementor_container_no e-con e-parent\" data-id=\"65617ab\" data-element_type=\"container\" data-settings=\"{&quot;background_background&quot;:&quot;classic&quot;,&quot;content_width&quot;:&quot;full&quot;}\" data-core-v316-plus=\"true\">\n<div class=\"elementor-element elementor-element-12771a7 e-con-full e-flex parallax_section_no qode_elementor_container_no e-con e-child\" data-id=\"12771a7\" data-element_type=\"container\" data-settings=\"{&quot;content_width&quot;:&quot;full&quot;}\">\n<div class=\"elementor-element elementor-element-8882f6a elementor-widget elementor-widget-text-editor\" data-id=\"8882f6a\" data-element_type=\"widget\" data-widget_type=\"text-editor.default\">\n<div class=\"elementor-widget-container\">\n<p><img loading=\"lazy\" loading=\"lazy\" decoding=\"async\" class=\"alignnone  wp-image-3573\" src=\"http:\/\/echappeesalpines.com\/wp-content\/uploads\/2024\/02\/logo_footer-300x176.png\" alt=\"\" width=\"218\" height=\"128\" srcset=\"https:\/\/echappeesalpines.com\/wp-content\/uploads\/2024\/02\/logo_footer-300x176.png 300w, https:\/\/echappeesalpines.com\/wp-content\/uploads\/2024\/02\/logo_footer.png 341w\" sizes=\"auto, (max-width: 218px) 100vw, 218px\" \/><\/p>\n<\/p><\/div><\/div><\/div>\n<div class=\"elementor-element elementor-element-7a11c14 e-con-full e-flex parallax_section_no qode_elementor_container_no e-con e-child\" data-id=\"7a11c14\" data-element_type=\"container\" data-settings=\"{&quot;content_width&quot;:&quot;full&quot;}\">\n\t\t\t\t<\/div>\n<div class=\"elementor-element elementor-element-276eeda e-con-full e-flex parallax_section_no qode_elementor_container_no e-con e-child\" data-id=\"276eeda\" data-element_type=\"container\" data-settings=\"{&quot;content_width&quot;:&quot;full&quot;}\">\n<div class=\"elementor-element elementor-element-5d538fe elementor-widget elementor-widget-text-editor\" data-id=\"5d538fe\" data-element_type=\"widget\" data-widget_type=\"text-editor.default\">\n<div class=\"elementor-widget-container\">\n\t\t\t\t\t\t\t<a style=\"color: white;\" href=\"https:\/\/echappeesalpines.com\/index.php\/portfolio_page\/randonnee\/\" target=\"_blank\" rel=\"noopener\">Les \u00e9chapp\u00e9es<\/a><\/p>\n<p><a style=\"color: white;\" href=\"http:\/\/echappeesalpines.com\/index.php\/tarifs\/\" target=\"_blank\" rel=\"noopener\">Les tarifs<\/a><\/p>\n<p><a style=\"color: white;\" href=\"http:\/\/echappeesalpines.com\/index.php\/agenda\/\" target=\"_blank\" rel=\"noopener\">L&rsquo;agenda<\/a><\/p>\n<p><a style=\"color: white;\" href=\"http:\/\/echappeesalpines.com\/index.php\/niveau-de-difficulte\/\" target=\"_blank\" rel=\"noopener\">Les niveaux de difficult\u00e9<\/a><\/p>\n<p><a style=\"color: white;\" href=\"http:\/\/echappeesalpines.com\/index.php\/accompagnateur-en-montagne\/\" target=\"_blank\" rel=\"noopener\">AeM ?<\/a><\/p>\n<p><a style=\"color: white;\" href=\"http:\/\/echappeesalpines.com\/index.php\/protection\/\" target=\"_blank\" rel=\"noopener\">La pr\u00e9servation<\/a><\/p>\n<p><a style=\"color: white;\" href=\"mailto:contact@echappeesalpines.com\">Contact<\/a>\t\t\t\t\t\t<\/div><\/div><\/div>\n<div class=\"elementor-element elementor-element-4b05d15 e-con-full e-flex parallax_section_no qode_elementor_container_no e-con e-child\" data-id=\"4b05d15\" data-element_type=\"container\" data-settings=\"{&quot;content_width&quot;:&quot;full&quot;}\">\n<div class=\"elementor-element elementor-element-6cda584 elementor-widget elementor-widget-text-editor\" data-id=\"6cda584\" data-element_type=\"widget\" data-widget_type=\"text-editor.default\">\n<div class=\"elementor-widget-container\">\n<p><a style=\"color: white;\" href=\"http:\/\/echappeesalpines.com\/index.php\/reglement-general-de-protection-des-donnees\/\" target=\"_blank\" rel=\"noopener\">RGPD<\/a><\/p>\n<p><a style=\"color: white;\" href=\"http:\/\/echappeesalpines.com\/index.php\/conditions-generales-de-vente\/\" target=\"_blank\" rel=\"noopener\">CGV<\/a><\/p>\n<p><a style=\"color: white;\" href=\"http:\/\/echappeesalpines.com\/index.php\/mentions-legales\/\" target=\"_blank\" rel=\"noopener\">Mentions l\u00e9gales<\/a><\/p>\n<\/p><\/div><\/div><\/div><\/div><\/div>\n<\/div>\n\t\t\t\t<\/div>\n\t\t\t\t<\/div>\n\t\t\t\t<\/div>\n\t\t\t\t<\/div>\n\t\t\t\t\t\t\t<\/div>\n\t\t","protected":false},"excerpt":{"rendered":"<p>Message d&rsquo;absence Merci pour votre visite et l&rsquo;int\u00e9r\u00eat que vous portez \u00e0 mon site et mes prestations d\u2019accompagnateur en montagne. Sachez que je suis actuellement et pour quelques mois, dans des contr\u00e9es montagnardes tr\u00e8s lointaines pour raisons personnelles. Mon activit\u00e9 professionnelle et mon site reste&#8230;<\/p>\n","protected":false},"author":1,"featured_media":0,"parent":0,"menu_order":0,"comment_status":"closed","ping_status":"closed","template":"full_width.php","meta":{"_acf_changed":false,"content-type":"","footnotes":""},"class_list":["post-4558","page","type-page","status-publish","hentry"],"acf":[],"_links":{"self":[{"href":"https:\/\/echappeesalpines.com\/index.php\/wp-json\/wp\/v2\/pages\/4558","targetHints":{"allow":["GET"]}}],"collection":[{"href":"https:\/\/echappeesalpines.com\/index.php\/wp-json\/wp\/v2\/pages"}],"about":[{"href":"https:\/\/echappeesalpines.com\/index.php\/wp-json\/wp\/v2\/types\/page"}],"author":[{"embeddable":true,"href":"https:\/\/echappeesalpines.com\/index.php\/wp-json\/wp\/v2\/users\/1"}],"replies":[{"embeddable":true,"href":"https:\/\/echappeesalpines.com\/index.php\/wp-json\/wp\/v2\/comments?post=4558"}],"version-history":[{"count":39,"href":"https:\/\/echappeesalpines.com\/index.php\/wp-json\/wp\/v2\/pages\/4558\/revisions"}],"predecessor-version":[{"id":4709,"href":"https:\/\/echappeesalpines.com\/index.php\/wp-json\/wp\/v2\/pages\/4558\/revisions\/4709"}],"wp:attachment":[{"href":"https:\/\/echappeesalpines.com\/index.php\/wp-json\/wp\/v2\/media?parent=4558"}],"curies":[{"name":"wp","href":"https:\/\/api.w.org\/{rel}","templated":true}]}}